{"id":19,"date":"2023-05-31T09:47:32","date_gmt":"2023-05-31T09:47:32","guid":{"rendered":"http:\/\/www.therapeut-naturheilpraxis.de\/?page_id=19"},"modified":"2025-07-10T15:26:19","modified_gmt":"2025-07-10T13:26:19","slug":"blog","status":"publish","type":"page","link":"https:\/\/therapeut-naturheilpraxis.de\/fr\/blog\/","title":{"rendered":"Blog"},"content":{"rendered":"\t\t<div data-elementor-type=\"wp-page\" data-elementor-id=\"19\" class=\"elementor elementor-19\" data-elementor-post-type=\"page\">\n\t\t\t\t\t\t<section class=\"elementor-section elementor-top-section elementor-element elementor-element-68e6749 elementor-section-boxed elementor-section-height-default elementor-section-height-default\" data-id=\"68e6749\" data-element_type=\"section\" data-e-type=\"section\" data-settings=\"{&quot;background_background&quot;:&quot;classic&quot;}\">\n\t\t\t\t\t\t\t<div class=\"elementor-background-overlay\"><\/div>\n\t\t\t\t\t\t\t<div class=\"elementor-container elementor-column-gap-default\">\n\t\t\t\t\t<div class=\"elementor-column elementor-col-50 elementor-top-column elementor-element elementor-element-2c1ad4c\" data-id=\"2c1ad4c\" data-element_type=\"column\" data-e-type=\"column\">\n\t\t\t<div class=\"elementor-widget-wrap elementor-element-populated\">\n\t\t\t\t\t\t<div class=\"elementor-element elementor-element-6d05325 elementor-widget elementor-widget-heading\" data-id=\"6d05325\" data-element_type=\"widget\" data-e-type=\"widget\" data-widget_type=\"heading.default\">\n\t\t\t\t<div class=\"elementor-widget-container\">\n\t\t\t\t\t<h1 class=\"elementor-heading-title elementor-size-default\">Blog<\/h1>\t\t\t\t<\/div>\n\t\t\t\t<\/div>\n\t\t\t\t<div class=\"elementor-element elementor-element-aa30a3d elementor-widget elementor-widget-text-editor\" data-id=\"aa30a3d\" data-element_type=\"widget\" data-e-type=\"widget\" data-widget_type=\"text-editor.default\">\n\t\t\t\t<div class=\"elementor-widget-container\">\n\t\t\t\t\t\t\t\t\t<p>Ich habe einen <strong>Doktortitel in Humangenetik<\/strong> und einen <strong>Master in Integrativer Biologie<\/strong> und <strong>Physiologie<\/strong> mit <strong>Schwerpunkt Ern\u00e4hrung<\/strong> und bin begeistert von Forschung und Entwicklung. Ich habe eine <strong>Ausbildung<\/strong> in <strong>Naturheilkunde<\/strong> und <strong>Gestalttherapie<\/strong> absolviert.<\/p>\t\t\t\t\t\t\t\t<\/div>\n\t\t\t\t<\/div>\n\t\t\t\t<div class=\"elementor-element elementor-element-8fdcbe9 elementor-align-left elementor-widget__width-auto elementor-widget elementor-widget-button\" data-id=\"8fdcbe9\" data-element_type=\"widget\" data-e-type=\"widget\" data-widget_type=\"button.default\">\n\t\t\t\t<div class=\"elementor-widget-container\">\n\t\t\t\t\t\t\t\t\t<div class=\"elementor-button-wrapper\">\n\t\t\t\t\t<a class=\"elementor-button elementor-button-link elementor-size-xs\" href=\"https:\/\/calendly.com\/joyce-hokayem\/15min-kostenlose-beratung\">\n\t\t\t\t\t\t<span class=\"elementor-button-content-wrapper\">\n\t\t\t\t\t\t\t\t\t<span class=\"elementor-button-text\">Jetzt beraten lassen<\/span>\n\t\t\t\t\t<\/span>\n\t\t\t\t\t<\/a>\n\t\t\t\t<\/div>\n\t\t\t\t\t\t\t\t<\/div>\n\t\t\t\t<\/div>\n\t\t\t\t\t<\/div>\n\t\t<\/div>\n\t\t\t\t<div class=\"elementor-column elementor-col-50 elementor-top-column elementor-element elementor-element-f7ec15a\" data-id=\"f7ec15a\" data-element_type=\"column\" data-e-type=\"column\">\n\t\t\t<div class=\"elementor-widget-wrap\">\n\t\t\t\t\t\t\t<\/div>\n\t\t<\/div>\n\t\t\t\t\t<\/div>\n\t\t<\/section>\n\t\t\t\t<section class=\"elementor-section elementor-top-section elementor-element elementor-element-15e53a1 elementor-section-boxed elementor-section-height-default elementor-section-height-default\" data-id=\"15e53a1\" data-element_type=\"section\" data-e-type=\"section\">\n\t\t\t\t\t\t<div class=\"elementor-container elementor-column-gap-default\">\n\t\t\t\t\t<div class=\"elementor-column elementor-col-100 elementor-top-column elementor-element elementor-element-920fc4d\" data-id=\"920fc4d\" data-element_type=\"column\" data-e-type=\"column\">\n\t\t\t<div class=\"elementor-widget-wrap elementor-element-populated\">\n\t\t\t\t\t\t<div class=\"elementor-element elementor-element-ae42e83 elementor-widget elementor-widget-qi_addons_for_elementor_blog_list\" data-id=\"ae42e83\" data-element_type=\"widget\" data-e-type=\"widget\" data-widget_type=\"qi_addons_for_elementor_blog_list.default\">\n\t\t\t\t<div class=\"elementor-widget-container\">\n\t\t\t\t\t<div class=\"qodef-shortcode qodef-m qodef-addons-blog-list qodef-info-no-icons qodef-image--hover-zoom qodef-qi-grid qodef-layout--qi-columns qodef-col-num--3 qodef-item-layout--boxed qodef-responsive--predefined\" >\n\t<div class=\"qodef-grid-inner\">\n\t\t<article class=\"qodef-e qodef-blog-item qodef-grid-item qodef-item--full post-1428 post type-post status-publish format-standard has-post-thumbnail hentry category-blog entry has-media\">\n\t<div class=\"qodef-e-inner\">\n\t\t<div class=\"qodef-e-media-holder\">\n\t\t\t<div class=\"qodef-e-media\">\n\t\t<div class=\"qodef-e-media-image\">\n\t\t<a itemprop=\"url\" href=\"https:\/\/therapeut-naturheilpraxis.de\/fr\/2023\/08\/03\/ein-blick-auf-das-metabolische-syndrom-und-die-fettleber\/\">\n\t\t\t<img fetchpriority=\"high\" decoding=\"async\" width=\"2560\" height=\"2351\" src=\"https:\/\/therapeut-naturheilpraxis.de\/wp-content\/uploads\/2023\/08\/q9k3_9c2p_181112-scaled.jpg\" class=\"attachment-full size-full\" alt=\"\" srcset=\"https:\/\/therapeut-naturheilpraxis.de\/wp-content\/uploads\/2023\/08\/q9k3_9c2p_181112-scaled.jpg 2560w, https:\/\/therapeut-naturheilpraxis.de\/wp-content\/uploads\/2023\/08\/q9k3_9c2p_181112-300x275.jpg 300w, https:\/\/therapeut-naturheilpraxis.de\/wp-content\/uploads\/2023\/08\/q9k3_9c2p_181112-1024x940.jpg 1024w, https:\/\/therapeut-naturheilpraxis.de\/wp-content\/uploads\/2023\/08\/q9k3_9c2p_181112-768x705.jpg 768w, https:\/\/therapeut-naturheilpraxis.de\/wp-content\/uploads\/2023\/08\/q9k3_9c2p_181112-1536x1410.jpg 1536w, https:\/\/therapeut-naturheilpraxis.de\/wp-content\/uploads\/2023\/08\/q9k3_9c2p_181112-2048x1881.jpg 2048w, https:\/\/therapeut-naturheilpraxis.de\/wp-content\/uploads\/2023\/08\/q9k3_9c2p_181112-13x12.jpg 13w\" sizes=\"(max-width: 2560px) 100vw, 2560px\" \/>\t\t<\/a>\n\t\t\t<\/div>\n<\/div>\n\t\t<\/div>\n\t\t<div class=\"qodef-e-content\">\n\t\t\t\t\t\t\t<div class=\"qodef-e-info qodef-info--top\">\n\t\t\t\t\t<div class=\"qodef-e-info-item qodef-e-info-category\">\n\t\t<a href=\"https:\/\/therapeut-naturheilpraxis.de\/fr\/category\/blog\/\" rel=\"category tag\">Blog<\/a><\/div>\n\t\t\t\t<\/div>\n\t\t\t\t\t\t<div class=\"qodef-e-text\">\n\t\t\t\t<h5 itemprop=\"name\" class=\"qodef-e-title entry-title\">\n\t<a itemprop=\"url\" class=\"qodef-e-title-link\" href=\"https:\/\/therapeut-naturheilpraxis.de\/fr\/2023\/08\/03\/ein-blick-auf-das-metabolische-syndrom-und-die-fettleber\/\">\n\t\tEin Blick auf das Metabolische Syndrom und die Fettleber\t<\/a>\n<\/h5>\n\t\t<p itemprop=\"description\" class=\"qodef-e-excerpt\">\n\t\t\tFettleibigkeit ist ein gro\u00dfes Gesundheitsproblem. Die nichtalkoholische Fettlebererkrankung (NAFLD, Non Alcoholic Fatty Liver Disease) ist die h\u00e4ufigste Ursache f\u00fcr chronische L\t\t<\/p>\n\t\t\t\t<\/div>\n\t\t\t\t\t\t\t<div class=\"qodef-e-info qodef-info--bottom\">\n\t\t\t\t\t\t<div class=\"qodef-e-read-more\">\n\t\t<a class=\"qodef-shortcode qodef-m qodef-qi-button qodef-html--link qodef-layout--filled qodef-type--standard qodef-icon--right qodef-hover--icon-move-horizontal-short\" href=\"https:\/\/therapeut-naturheilpraxis.de\/fr\/2023\/08\/03\/ein-blick-auf-das-metabolische-syndrom-und-die-fettleber\/\" target=\"_self\">\t<span class=\"qodef-m-text\">Mehr erfahren<\/span>\t<\/a>\t<\/div>\n\t\t\t\t<\/div>\n\t\t\t\t\t<\/div>\n\t<\/div>\n<\/article>\n<article class=\"qodef-e qodef-blog-item qodef-grid-item qodef-item--full post-1275 post type-post status-publish format-standard has-post-thumbnail hentry category-blog entry has-media\">\n\t<div class=\"qodef-e-inner\">\n\t\t<div class=\"qodef-e-media-holder\">\n\t\t\t<div class=\"qodef-e-media\">\n\t\t<div class=\"qodef-e-media-image\">\n\t\t<a itemprop=\"url\" href=\"https:\/\/therapeut-naturheilpraxis.de\/fr\/2023\/07\/17\/shiitake-ein-heilpilz-mit-vielen-vorteilen\/\">\n\t\t\t<img decoding=\"async\" width=\"740\" height=\"555\" src=\"https:\/\/therapeut-naturheilpraxis.de\/wp-content\/uploads\/2023\/07\/shiitake.jpg\" class=\"attachment-full size-full\" alt=\"Shiitake\" srcset=\"https:\/\/therapeut-naturheilpraxis.de\/wp-content\/uploads\/2023\/07\/shiitake.jpg 740w, https:\/\/therapeut-naturheilpraxis.de\/wp-content\/uploads\/2023\/07\/shiitake-300x225.jpg 300w, https:\/\/therapeut-naturheilpraxis.de\/wp-content\/uploads\/2023\/07\/shiitake-16x12.jpg 16w\" sizes=\"(max-width: 740px) 100vw, 740px\" \/>\t\t<\/a>\n\t\t\t<\/div>\n<\/div>\n\t\t<\/div>\n\t\t<div class=\"qodef-e-content\">\n\t\t\t\t\t\t\t<div class=\"qodef-e-info qodef-info--top\">\n\t\t\t\t\t<div class=\"qodef-e-info-item qodef-e-info-category\">\n\t\t<a href=\"https:\/\/therapeut-naturheilpraxis.de\/fr\/category\/blog\/\" rel=\"category tag\">Blog<\/a><\/div>\n\t\t\t\t<\/div>\n\t\t\t\t\t\t<div class=\"qodef-e-text\">\n\t\t\t\t<h5 itemprop=\"name\" class=\"qodef-e-title entry-title\">\n\t<a itemprop=\"url\" class=\"qodef-e-title-link\" href=\"https:\/\/therapeut-naturheilpraxis.de\/fr\/2023\/07\/17\/shiitake-ein-heilpilz-mit-vielen-vorteilen\/\">\n\t\tShiitake, ein Heilpilz mit vielen Vorteilen!\t<\/a>\n<\/h5>\n\t\t<p itemprop=\"description\" class=\"qodef-e-excerpt\">\n\t\t\tMedizinische Pilze Medizinalpilze sind mehrzellige Organismen, die gesundheitsf\u00f6rdernde bioaktive Substanzen in sich tragen. Innerhalb des Pilzreichs geh\u00f6ren sie zur Familie der\t\t<\/p>\n\t\t\t\t<\/div>\n\t\t\t\t\t\t\t<div class=\"qodef-e-info qodef-info--bottom\">\n\t\t\t\t\t\t<div class=\"qodef-e-read-more\">\n\t\t<a class=\"qodef-shortcode qodef-m qodef-qi-button qodef-html--link qodef-layout--filled qodef-type--standard qodef-icon--right qodef-hover--icon-move-horizontal-short\" href=\"https:\/\/therapeut-naturheilpraxis.de\/fr\/2023\/07\/17\/shiitake-ein-heilpilz-mit-vielen-vorteilen\/\" target=\"_self\">\t<span class=\"qodef-m-text\">Mehr erfahren<\/span>\t<\/a>\t<\/div>\n\t\t\t\t<\/div>\n\t\t\t\t\t<\/div>\n\t<\/div>\n<\/article>\n<article class=\"qodef-e qodef-blog-item qodef-grid-item qodef-item--full post-847 post type-post status-publish format-standard has-post-thumbnail hentry category-blog entry has-media\">\n\t<div class=\"qodef-e-inner\">\n\t\t<div class=\"qodef-e-media-holder\">\n\t\t\t<div class=\"qodef-e-media\">\n\t\t<div class=\"qodef-e-media-image\">\n\t\t<a itemprop=\"url\" href=\"https:\/\/therapeut-naturheilpraxis.de\/fr\/2023\/06\/20\/biomarkers-whats-new\/\">\n\t\t\t<img decoding=\"async\" width=\"2560\" height=\"1707\" src=\"https:\/\/therapeut-naturheilpraxis.de\/wp-content\/uploads\/2023\/06\/biomarkers.jpg\" class=\"attachment-full size-full\" alt=\"biomarkers\" srcset=\"https:\/\/therapeut-naturheilpraxis.de\/wp-content\/uploads\/2023\/06\/biomarkers.jpg 2560w, https:\/\/therapeut-naturheilpraxis.de\/wp-content\/uploads\/2023\/06\/biomarkers-300x200.jpg 300w, https:\/\/therapeut-naturheilpraxis.de\/wp-content\/uploads\/2023\/06\/biomarkers-1024x683.jpg 1024w, https:\/\/therapeut-naturheilpraxis.de\/wp-content\/uploads\/2023\/06\/biomarkers-768x512.jpg 768w, https:\/\/therapeut-naturheilpraxis.de\/wp-content\/uploads\/2023\/06\/biomarkers-1536x1024.jpg 1536w, https:\/\/therapeut-naturheilpraxis.de\/wp-content\/uploads\/2023\/06\/biomarkers-2048x1366.jpg 2048w\" sizes=\"(max-width: 2560px) 100vw, 2560px\" \/>\t\t<\/a>\n\t\t\t<\/div>\n<\/div>\n\t\t<\/div>\n\t\t<div class=\"qodef-e-content\">\n\t\t\t\t\t\t\t<div class=\"qodef-e-info qodef-info--top\">\n\t\t\t\t\t<div class=\"qodef-e-info-item qodef-e-info-category\">\n\t\t<a href=\"https:\/\/therapeut-naturheilpraxis.de\/fr\/category\/blog\/\" rel=\"category tag\">Blog<\/a><\/div>\n\t\t\t\t<\/div>\n\t\t\t\t\t\t<div class=\"qodef-e-text\">\n\t\t\t\t<h5 itemprop=\"name\" class=\"qodef-e-title entry-title\">\n\t<a itemprop=\"url\" class=\"qodef-e-title-link\" href=\"https:\/\/therapeut-naturheilpraxis.de\/fr\/2023\/06\/20\/biomarkers-whats-new\/\">\n\t\tBiomarkers: What\u2019s new ?\t<\/a>\n<\/h5>\n\t\t<p itemprop=\"description\" class=\"qodef-e-excerpt\">\n\t\t\tIn the last few years, biomarkers have been used in basic and clinical research and their presence in primary endpoints in clinical trial is easily accepted. There are specific bio\t\t<\/p>\n\t\t\t\t<\/div>\n\t\t\t\t\t\t\t<div class=\"qodef-e-info qodef-info--bottom\">\n\t\t\t\t\t\t<div class=\"qodef-e-read-more\">\n\t\t<a class=\"qodef-shortcode qodef-m qodef-qi-button qodef-html--link qodef-layout--filled qodef-type--standard qodef-icon--right qodef-hover--icon-move-horizontal-short\" href=\"https:\/\/therapeut-naturheilpraxis.de\/fr\/2023\/06\/20\/biomarkers-whats-new\/\" target=\"_self\">\t<span class=\"qodef-m-text\">Mehr erfahren<\/span>\t<\/a>\t<\/div>\n\t\t\t\t<\/div>\n\t\t\t\t\t<\/div>\n\t<\/div>\n<\/article>\n<article class=\"qodef-e qodef-blog-item qodef-grid-item qodef-item--full post-845 post type-post status-publish format-standard has-post-thumbnail hentry category-blog entry has-media\">\n\t<div class=\"qodef-e-inner\">\n\t\t<div class=\"qodef-e-media-holder\">\n\t\t\t<div class=\"qodef-e-media\">\n\t\t<div class=\"qodef-e-media-image\">\n\t\t<a itemprop=\"url\" href=\"https:\/\/therapeut-naturheilpraxis.de\/fr\/2023\/06\/20\/phytodrugs-and-the-mysteries-behind-medicinal-plants\/\">\n\t\t\t<img loading=\"lazy\" decoding=\"async\" width=\"2560\" height=\"1707\" src=\"https:\/\/therapeut-naturheilpraxis.de\/wp-content\/uploads\/2023\/06\/phytodrug.jpg\" class=\"attachment-full size-full\" alt=\"phytodrug\" srcset=\"https:\/\/therapeut-naturheilpraxis.de\/wp-content\/uploads\/2023\/06\/phytodrug.jpg 2560w, https:\/\/therapeut-naturheilpraxis.de\/wp-content\/uploads\/2023\/06\/phytodrug-300x200.jpg 300w, https:\/\/therapeut-naturheilpraxis.de\/wp-content\/uploads\/2023\/06\/phytodrug-1024x683.jpg 1024w, https:\/\/therapeut-naturheilpraxis.de\/wp-content\/uploads\/2023\/06\/phytodrug-768x512.jpg 768w, https:\/\/therapeut-naturheilpraxis.de\/wp-content\/uploads\/2023\/06\/phytodrug-1536x1024.jpg 1536w, https:\/\/therapeut-naturheilpraxis.de\/wp-content\/uploads\/2023\/06\/phytodrug-2048x1366.jpg 2048w\" sizes=\"(max-width: 2560px) 100vw, 2560px\" \/>\t\t<\/a>\n\t\t\t<\/div>\n<\/div>\n\t\t<\/div>\n\t\t<div class=\"qodef-e-content\">\n\t\t\t\t\t\t\t<div class=\"qodef-e-info qodef-info--top\">\n\t\t\t\t\t<div class=\"qodef-e-info-item qodef-e-info-category\">\n\t\t<a href=\"https:\/\/therapeut-naturheilpraxis.de\/fr\/category\/blog\/\" rel=\"category tag\">Blog<\/a><\/div>\n\t\t\t\t<\/div>\n\t\t\t\t\t\t<div class=\"qodef-e-text\">\n\t\t\t\t<h5 itemprop=\"name\" class=\"qodef-e-title entry-title\">\n\t<a itemprop=\"url\" class=\"qodef-e-title-link\" href=\"https:\/\/therapeut-naturheilpraxis.de\/fr\/2023\/06\/20\/phytodrugs-and-the-mysteries-behind-medicinal-plants\/\">\n\t\tPhytodrugs and the mysteries behind medicinal plants\t<\/a>\n<\/h5>\n\t\t<p itemprop=\"description\" class=\"qodef-e-excerpt\">\n\t\t\tNowadays, many would struggle to function without enjoying the integration of digital technologies into their daily lives. &nbsp;This era of digitalizing information has not left t\t\t<\/p>\n\t\t\t\t<\/div>\n\t\t\t\t\t\t\t<div class=\"qodef-e-info qodef-info--bottom\">\n\t\t\t\t\t\t<div class=\"qodef-e-read-more\">\n\t\t<a class=\"qodef-shortcode qodef-m qodef-qi-button qodef-html--link qodef-layout--filled qodef-type--standard qodef-icon--right qodef-hover--icon-move-horizontal-short\" href=\"https:\/\/therapeut-naturheilpraxis.de\/fr\/2023\/06\/20\/phytodrugs-and-the-mysteries-behind-medicinal-plants\/\" target=\"_self\">\t<span class=\"qodef-m-text\">Mehr erfahren<\/span>\t<\/a>\t<\/div>\n\t\t\t\t<\/div>\n\t\t\t\t\t<\/div>\n\t<\/div>\n<\/article>\n<article class=\"qodef-e qodef-blog-item qodef-grid-item qodef-item--full post-843 post type-post status-publish format-standard has-post-thumbnail hentry category-blog entry has-media\">\n\t<div class=\"qodef-e-inner\">\n\t\t<div class=\"qodef-e-media-holder\">\n\t\t\t<div class=\"qodef-e-media\">\n\t\t<div class=\"qodef-e-media-image\">\n\t\t<a itemprop=\"url\" href=\"https:\/\/therapeut-naturheilpraxis.de\/fr\/2023\/06\/20\/cancer-genome-analysis-provides-breakthroughs-in-clinical-understanding\/\">\n\t\t\t<img loading=\"lazy\" decoding=\"async\" width=\"2560\" height=\"1707\" src=\"https:\/\/therapeut-naturheilpraxis.de\/wp-content\/uploads\/2023\/06\/cancer-genetics.jpg\" class=\"attachment-full size-full\" alt=\"cancer-genetics\" srcset=\"https:\/\/therapeut-naturheilpraxis.de\/wp-content\/uploads\/2023\/06\/cancer-genetics.jpg 2560w, https:\/\/therapeut-naturheilpraxis.de\/wp-content\/uploads\/2023\/06\/cancer-genetics-300x200.jpg 300w, https:\/\/therapeut-naturheilpraxis.de\/wp-content\/uploads\/2023\/06\/cancer-genetics-1024x683.jpg 1024w, https:\/\/therapeut-naturheilpraxis.de\/wp-content\/uploads\/2023\/06\/cancer-genetics-768x512.jpg 768w, https:\/\/therapeut-naturheilpraxis.de\/wp-content\/uploads\/2023\/06\/cancer-genetics-1536x1024.jpg 1536w, https:\/\/therapeut-naturheilpraxis.de\/wp-content\/uploads\/2023\/06\/cancer-genetics-2048x1366.jpg 2048w\" sizes=\"(max-width: 2560px) 100vw, 2560px\" \/>\t\t<\/a>\n\t\t\t<\/div>\n<\/div>\n\t\t<\/div>\n\t\t<div class=\"qodef-e-content\">\n\t\t\t\t\t\t\t<div class=\"qodef-e-info qodef-info--top\">\n\t\t\t\t\t<div class=\"qodef-e-info-item qodef-e-info-category\">\n\t\t<a href=\"https:\/\/therapeut-naturheilpraxis.de\/fr\/category\/blog\/\" rel=\"category tag\">Blog<\/a><\/div>\n\t\t\t\t<\/div>\n\t\t\t\t\t\t<div class=\"qodef-e-text\">\n\t\t\t\t<h5 itemprop=\"name\" class=\"qodef-e-title entry-title\">\n\t<a itemprop=\"url\" class=\"qodef-e-title-link\" href=\"https:\/\/therapeut-naturheilpraxis.de\/fr\/2023\/06\/20\/cancer-genome-analysis-provides-breakthroughs-in-clinical-understanding\/\">\n\t\tCancer genome analysis provides breakthroughs in clinical understanding\t<\/a>\n<\/h5>\n\t\t<p itemprop=\"description\" class=\"qodef-e-excerpt\">\n\t\t\tThe cancer genome sequencing project, which looked into the genetic make up of cancer cells, allowed the discovery of oncogenic mutations and led to valuable insights into the geno\t\t<\/p>\n\t\t\t\t<\/div>\n\t\t\t\t\t\t\t<div class=\"qodef-e-info qodef-info--bottom\">\n\t\t\t\t\t\t<div class=\"qodef-e-read-more\">\n\t\t<a class=\"qodef-shortcode qodef-m qodef-qi-button qodef-html--link qodef-layout--filled qodef-type--standard qodef-icon--right qodef-hover--icon-move-horizontal-short\" href=\"https:\/\/therapeut-naturheilpraxis.de\/fr\/2023\/06\/20\/cancer-genome-analysis-provides-breakthroughs-in-clinical-understanding\/\" target=\"_self\">\t<span class=\"qodef-m-text\">Mehr erfahren<\/span>\t<\/a>\t<\/div>\n\t\t\t\t<\/div>\n\t\t\t\t\t<\/div>\n\t<\/div>\n<\/article>\n<article class=\"qodef-e qodef-blog-item qodef-grid-item qodef-item--full post-841 post type-post status-publish format-standard has-post-thumbnail hentry category-blog entry has-media\">\n\t<div class=\"qodef-e-inner\">\n\t\t<div class=\"qodef-e-media-holder\">\n\t\t\t<div class=\"qodef-e-media\">\n\t\t<div class=\"qodef-e-media-image\">\n\t\t<a itemprop=\"url\" href=\"https:\/\/therapeut-naturheilpraxis.de\/fr\/2023\/06\/20\/cutting-edge-crispr-cas9-applications\/\">\n\t\t\t<img loading=\"lazy\" decoding=\"async\" width=\"2560\" height=\"1707\" src=\"https:\/\/therapeut-naturheilpraxis.de\/wp-content\/uploads\/2023\/06\/crispr.jpg\" class=\"attachment-full size-full\" alt=\"Crispr\" srcset=\"https:\/\/therapeut-naturheilpraxis.de\/wp-content\/uploads\/2023\/06\/crispr.jpg 2560w, https:\/\/therapeut-naturheilpraxis.de\/wp-content\/uploads\/2023\/06\/crispr-300x200.jpg 300w, https:\/\/therapeut-naturheilpraxis.de\/wp-content\/uploads\/2023\/06\/crispr-1024x683.jpg 1024w, https:\/\/therapeut-naturheilpraxis.de\/wp-content\/uploads\/2023\/06\/crispr-768x512.jpg 768w, https:\/\/therapeut-naturheilpraxis.de\/wp-content\/uploads\/2023\/06\/crispr-1536x1024.jpg 1536w, https:\/\/therapeut-naturheilpraxis.de\/wp-content\/uploads\/2023\/06\/crispr-2048x1366.jpg 2048w\" sizes=\"(max-width: 2560px) 100vw, 2560px\" \/>\t\t<\/a>\n\t\t\t<\/div>\n<\/div>\n\t\t<\/div>\n\t\t<div class=\"qodef-e-content\">\n\t\t\t\t\t\t\t<div class=\"qodef-e-info qodef-info--top\">\n\t\t\t\t\t<div class=\"qodef-e-info-item qodef-e-info-category\">\n\t\t<a href=\"https:\/\/therapeut-naturheilpraxis.de\/fr\/category\/blog\/\" rel=\"category tag\">Blog<\/a><\/div>\n\t\t\t\t<\/div>\n\t\t\t\t\t\t<div class=\"qodef-e-text\">\n\t\t\t\t<h5 itemprop=\"name\" class=\"qodef-e-title entry-title\">\n\t<a itemprop=\"url\" class=\"qodef-e-title-link\" href=\"https:\/\/therapeut-naturheilpraxis.de\/fr\/2023\/06\/20\/cutting-edge-crispr-cas9-applications\/\">\n\t\tCutting Edge CRISPR Cas9 Applications\t<\/a>\n<\/h5>\n\t\t<p itemprop=\"description\" class=\"qodef-e-excerpt\">\n\t\t\tIn 2015, the journal Science chose CRISPR-Cas9 technology as one of the most important technological advances in science in the last few years. Gene editing is the new era of biote\t\t<\/p>\n\t\t\t\t<\/div>\n\t\t\t\t\t\t\t<div class=\"qodef-e-info qodef-info--bottom\">\n\t\t\t\t\t\t<div class=\"qodef-e-read-more\">\n\t\t<a class=\"qodef-shortcode qodef-m qodef-qi-button qodef-html--link qodef-layout--filled qodef-type--standard qodef-icon--right qodef-hover--icon-move-horizontal-short\" href=\"https:\/\/therapeut-naturheilpraxis.de\/fr\/2023\/06\/20\/cutting-edge-crispr-cas9-applications\/\" target=\"_self\">\t<span class=\"qodef-m-text\">Mehr erfahren<\/span>\t<\/a>\t<\/div>\n\t\t\t\t<\/div>\n\t\t\t\t\t<\/div>\n\t<\/div>\n<\/article>\n<article class=\"qodef-e qodef-blog-item qodef-grid-item qodef-item--full post-642 post type-post status-publish format-standard has-post-thumbnail hentry category-blog entry has-media\">\n\t<div class=\"qodef-e-inner\">\n\t\t<div class=\"qodef-e-media-holder\">\n\t\t\t<div class=\"qodef-e-media\">\n\t\t<div class=\"qodef-e-media-image\">\n\t\t<a itemprop=\"url\" href=\"https:\/\/therapeut-naturheilpraxis.de\/fr\/2023\/06\/06\/blog-03\/\">\n\t\t\t<img loading=\"lazy\" decoding=\"async\" width=\"2560\" height=\"1707\" src=\"https:\/\/therapeut-naturheilpraxis.de\/wp-content\/uploads\/2023\/06\/c-nap.jpg\" class=\"attachment-full size-full\" alt=\"c-nap\" srcset=\"https:\/\/therapeut-naturheilpraxis.de\/wp-content\/uploads\/2023\/06\/c-nap.jpg 2560w, https:\/\/therapeut-naturheilpraxis.de\/wp-content\/uploads\/2023\/06\/c-nap-300x200.jpg 300w, https:\/\/therapeut-naturheilpraxis.de\/wp-content\/uploads\/2023\/06\/c-nap-1024x683.jpg 1024w, https:\/\/therapeut-naturheilpraxis.de\/wp-content\/uploads\/2023\/06\/c-nap-768x512.jpg 768w, https:\/\/therapeut-naturheilpraxis.de\/wp-content\/uploads\/2023\/06\/c-nap-1536x1024.jpg 1536w, https:\/\/therapeut-naturheilpraxis.de\/wp-content\/uploads\/2023\/06\/c-nap-2048x1366.jpg 2048w\" sizes=\"(max-width: 2560px) 100vw, 2560px\" \/>\t\t<\/a>\n\t\t\t<\/div>\n<\/div>\n\t\t<\/div>\n\t\t<div class=\"qodef-e-content\">\n\t\t\t\t\t\t\t<div class=\"qodef-e-info qodef-info--top\">\n\t\t\t\t\t<div class=\"qodef-e-info-item qodef-e-info-category\">\n\t\t<a href=\"https:\/\/therapeut-naturheilpraxis.de\/fr\/category\/blog\/\" rel=\"category tag\">Blog<\/a><\/div>\n\t\t\t\t<\/div>\n\t\t\t\t\t\t<div class=\"qodef-e-text\">\n\t\t\t\t<h5 itemprop=\"name\" class=\"qodef-e-title entry-title\">\n\t<a itemprop=\"url\" class=\"qodef-e-title-link\" href=\"https:\/\/therapeut-naturheilpraxis.de\/fr\/2023\/06\/06\/blog-03\/\">\n\t\tC-Nap1 mutation affects centriole cohesion and is associated with a Seckel-like syndrome in cattle\t<\/a>\n<\/h5>\n\t\t<p itemprop=\"description\" class=\"qodef-e-excerpt\">\n\t\t\tCaprine-like Generalized Hypoplasia Syndrome (SHGC) is an autosomal-recessive disorder in Montb\u00e9liarde cattle. Affected animals present a wide range of clinical features that incl\t\t<\/p>\n\t\t\t\t<\/div>\n\t\t\t\t\t\t\t<div class=\"qodef-e-info qodef-info--bottom\">\n\t\t\t\t\t\t<div class=\"qodef-e-read-more\">\n\t\t<a class=\"qodef-shortcode qodef-m qodef-qi-button qodef-html--link qodef-layout--filled qodef-type--standard qodef-icon--right qodef-hover--icon-move-horizontal-short\" href=\"https:\/\/therapeut-naturheilpraxis.de\/fr\/2023\/06\/06\/blog-03\/\" target=\"_self\">\t<span class=\"qodef-m-text\">Mehr erfahren<\/span>\t<\/a>\t<\/div>\n\t\t\t\t<\/div>\n\t\t\t\t\t<\/div>\n\t<\/div>\n<\/article>\n<article class=\"qodef-e qodef-blog-item qodef-grid-item qodef-item--full post-640 post type-post status-publish format-standard has-post-thumbnail hentry category-blog entry has-media\">\n\t<div class=\"qodef-e-inner\">\n\t\t<div class=\"qodef-e-media-holder\">\n\t\t\t<div class=\"qodef-e-media\">\n\t\t<div class=\"qodef-e-media-image\">\n\t\t<a itemprop=\"url\" href=\"https:\/\/therapeut-naturheilpraxis.de\/fr\/2023\/06\/06\/blog-02\/\">\n\t\t\t<img loading=\"lazy\" decoding=\"async\" width=\"2560\" height=\"1707\" src=\"https:\/\/therapeut-naturheilpraxis.de\/wp-content\/uploads\/2023\/06\/nek1.jpg\" class=\"attachment-full size-full\" alt=\"nek1\" srcset=\"https:\/\/therapeut-naturheilpraxis.de\/wp-content\/uploads\/2023\/06\/nek1.jpg 2560w, https:\/\/therapeut-naturheilpraxis.de\/wp-content\/uploads\/2023\/06\/nek1-300x200.jpg 300w, https:\/\/therapeut-naturheilpraxis.de\/wp-content\/uploads\/2023\/06\/nek1-1024x683.jpg 1024w, https:\/\/therapeut-naturheilpraxis.de\/wp-content\/uploads\/2023\/06\/nek1-768x512.jpg 768w, https:\/\/therapeut-naturheilpraxis.de\/wp-content\/uploads\/2023\/06\/nek1-1536x1024.jpg 1536w, https:\/\/therapeut-naturheilpraxis.de\/wp-content\/uploads\/2023\/06\/nek1-2048x1366.jpg 2048w\" sizes=\"(max-width: 2560px) 100vw, 2560px\" \/>\t\t<\/a>\n\t\t\t<\/div>\n<\/div>\n\t\t<\/div>\n\t\t<div class=\"qodef-e-content\">\n\t\t\t\t\t\t\t<div class=\"qodef-e-info qodef-info--top\">\n\t\t\t\t\t<div class=\"qodef-e-info-item qodef-e-info-category\">\n\t\t<a href=\"https:\/\/therapeut-naturheilpraxis.de\/fr\/category\/blog\/\" rel=\"category tag\">Blog<\/a><\/div>\n\t\t\t\t<\/div>\n\t\t\t\t\t\t<div class=\"qodef-e-text\">\n\t\t\t\t<h5 itemprop=\"name\" class=\"qodef-e-title entry-title\">\n\t<a itemprop=\"url\" class=\"qodef-e-title-link\" href=\"https:\/\/therapeut-naturheilpraxis.de\/fr\/2023\/06\/06\/blog-02\/\">\n\t\tNEK1 and DYNC2H1 are both involved in short rib polydactyly Majewski type but not in Beemer Langer cases\t<\/a>\n<\/h5>\n\t\t<p itemprop=\"description\" class=\"qodef-e-excerpt\">\n\t\t\tBackground:&nbsp;The lethal short rib polydactyly syndromes (SRP type I-IV) are characterised by notably short ribs, short limbs, polydactyly, multiple anomalies of major organs, a\t\t<\/p>\n\t\t\t\t<\/div>\n\t\t\t\t\t\t\t<div class=\"qodef-e-info qodef-info--bottom\">\n\t\t\t\t\t\t<div class=\"qodef-e-read-more\">\n\t\t<a class=\"qodef-shortcode qodef-m qodef-qi-button qodef-html--link qodef-layout--filled qodef-type--standard qodef-icon--right qodef-hover--icon-move-horizontal-short\" href=\"https:\/\/therapeut-naturheilpraxis.de\/fr\/2023\/06\/06\/blog-02\/\" target=\"_self\">\t<span class=\"qodef-m-text\">Mehr erfahren<\/span>\t<\/a>\t<\/div>\n\t\t\t\t<\/div>\n\t\t\t\t\t<\/div>\n\t<\/div>\n<\/article>\n<article class=\"qodef-e qodef-blog-item qodef-grid-item qodef-item--full post-638 post type-post status-publish format-standard has-post-thumbnail hentry category-blog entry has-media\">\n\t<div class=\"qodef-e-inner\">\n\t\t<div class=\"qodef-e-media-holder\">\n\t\t\t<div class=\"qodef-e-media\">\n\t\t<div class=\"qodef-e-media-image\">\n\t\t<a itemprop=\"url\" href=\"https:\/\/therapeut-naturheilpraxis.de\/fr\/2023\/06\/06\/blog\/\">\n\t\t\t<img loading=\"lazy\" decoding=\"async\" width=\"2560\" height=\"1707\" src=\"https:\/\/therapeut-naturheilpraxis.de\/wp-content\/uploads\/2023\/06\/asphyxiating.jpg\" class=\"attachment-full size-full\" alt=\"asphyxiating\" srcset=\"https:\/\/therapeut-naturheilpraxis.de\/wp-content\/uploads\/2023\/06\/asphyxiating.jpg 2560w, https:\/\/therapeut-naturheilpraxis.de\/wp-content\/uploads\/2023\/06\/asphyxiating-300x200.jpg 300w, https:\/\/therapeut-naturheilpraxis.de\/wp-content\/uploads\/2023\/06\/asphyxiating-1024x683.jpg 1024w, https:\/\/therapeut-naturheilpraxis.de\/wp-content\/uploads\/2023\/06\/asphyxiating-768x512.jpg 768w, https:\/\/therapeut-naturheilpraxis.de\/wp-content\/uploads\/2023\/06\/asphyxiating-1536x1024.jpg 1536w, https:\/\/therapeut-naturheilpraxis.de\/wp-content\/uploads\/2023\/06\/asphyxiating-2048x1366.jpg 2048w\" sizes=\"(max-width: 2560px) 100vw, 2560px\" \/>\t\t<\/a>\n\t\t\t<\/div>\n<\/div>\n\t\t<\/div>\n\t\t<div class=\"qodef-e-content\">\n\t\t\t\t\t\t\t<div class=\"qodef-e-info qodef-info--top\">\n\t\t\t\t\t<div class=\"qodef-e-info-item qodef-e-info-category\">\n\t\t<a href=\"https:\/\/therapeut-naturheilpraxis.de\/fr\/category\/blog\/\" rel=\"category tag\">Blog<\/a><\/div>\n\t\t\t\t<\/div>\n\t\t\t\t\t\t<div class=\"qodef-e-text\">\n\t\t\t\t<h5 itemprop=\"name\" class=\"qodef-e-title entry-title\">\n\t<a itemprop=\"url\" class=\"qodef-e-title-link\" href=\"https:\/\/therapeut-naturheilpraxis.de\/fr\/2023\/06\/06\/blog\/\">\n\t\tAsphyxiating thoracic dysplasia: clinical and molecular review of 39 families\t<\/a>\n<\/h5>\n\t\t<p itemprop=\"description\" class=\"qodef-e-excerpt\">\n\t\t\tAbstract Background:&nbsp;Asphyxiating Thoracic Dysplasia (ATD) belongs to the short rib polydactyly group and is characterized by a narrow thorax, short long bones and trident ace\t\t<\/p>\n\t\t\t\t<\/div>\n\t\t\t\t\t\t\t<div class=\"qodef-e-info qodef-info--bottom\">\n\t\t\t\t\t\t<div class=\"qodef-e-read-more\">\n\t\t<a class=\"qodef-shortcode qodef-m qodef-qi-button qodef-html--link qodef-layout--filled qodef-type--standard qodef-icon--right qodef-hover--icon-move-horizontal-short\" href=\"https:\/\/therapeut-naturheilpraxis.de\/fr\/2023\/06\/06\/blog\/\" target=\"_self\">\t<span class=\"qodef-m-text\">Mehr erfahren<\/span>\t<\/a>\t<\/div>\n\t\t\t\t<\/div>\n\t\t\t\t\t<\/div>\n\t<\/div>\n<\/article>\n\t<\/div>\n\t<\/div>\n\t\t\t\t<\/div>\n\t\t\t\t<\/div>\n\t\t\t\t\t<\/div>\n\t\t<\/div>\n\t\t\t\t\t<\/div>\n\t\t<\/section>\n\t\t\t\t<section class=\"elementor-section elementor-top-section elementor-element elementor-element-26779ca elementor-section-boxed elementor-section-height-default elementor-section-height-default\" data-id=\"26779ca\" data-element_type=\"section\" data-e-type=\"section\" data-settings=\"{&quot;background_background&quot;:&quot;classic&quot;}\">\n\t\t\t\t\t\t\t<div class=\"elementor-background-overlay\"><\/div>\n\t\t\t\t\t\t\t<div class=\"elementor-container elementor-column-gap-default\">\n\t\t\t\t\t<div class=\"elementor-column elementor-col-100 elementor-top-column elementor-element elementor-element-dcddbe4\" data-id=\"dcddbe4\" data-element_type=\"column\" data-e-type=\"column\">\n\t\t\t<div class=\"elementor-widget-wrap elementor-element-populated\">\n\t\t\t\t\t\t<section class=\"elementor-section elementor-inner-section elementor-element elementor-element-10ff5bd elementor-section-full_width elementor-section-height-default elementor-section-height-default\" data-id=\"10ff5bd\" data-element_type=\"section\" data-e-type=\"section\">\n\t\t\t\t\t\t<div class=\"elementor-container elementor-column-gap-default\">\n\t\t\t\t\t<div class=\"elementor-column elementor-col-50 elementor-inner-column elementor-element elementor-element-b473baf\" data-id=\"b473baf\" data-element_type=\"column\" data-e-type=\"column\" data-settings=\"{&quot;background_background&quot;:&quot;classic&quot;}\">\n\t\t\t<div class=\"elementor-widget-wrap elementor-element-populated\">\n\t\t\t\t\t\t<div class=\"elementor-element elementor-element-d014aae elementor-widget elementor-widget-heading\" data-id=\"d014aae\" data-element_type=\"widget\" data-e-type=\"widget\" data-widget_type=\"heading.default\">\n\t\t\t\t<div class=\"elementor-widget-container\">\n\t\t\t\t\t<h2 class=\"elementor-heading-title elementor-size-default\">Pers\u00f6nliche Beratung <\/h2>\t\t\t\t<\/div>\n\t\t\t\t<\/div>\n\t\t\t\t<div class=\"elementor-element elementor-element-6a51901 elementor-icon-list--layout-inline elementor-align-start elementor-list-item-link-full_width elementor-widget elementor-widget-icon-list\" data-id=\"6a51901\" data-element_type=\"widget\" data-e-type=\"widget\" data-widget_type=\"icon-list.default\">\n\t\t\t\t<div class=\"elementor-widget-container\">\n\t\t\t\t\t\t\t<ul class=\"elementor-icon-list-items elementor-inline-items\">\n\t\t\t\t\t\t\t<li class=\"elementor-icon-list-item elementor-inline-item\">\n\t\t\t\t\t\t\t\t\t\t\t<a href=\"tel:015175975749\">\n\n\t\t\t\t\t\t\t\t\t\t\t\t<span class=\"elementor-icon-list-icon\">\n\t\t\t\t\t\t\t<i aria-hidden=\"true\" class=\"icon icon-phone1\"><\/i>\t\t\t\t\t\t<\/span>\n\t\t\t\t\t\t\t\t\t\t<span class=\"elementor-icon-list-text\">+49 151 75975749<\/span>\n\t\t\t\t\t\t\t\t\t\t\t<\/a>\n\t\t\t\t\t\t\t\t\t<\/li>\n\t\t\t\t\t\t\t\t<li class=\"elementor-icon-list-item elementor-inline-item\">\n\t\t\t\t\t\t\t\t\t\t\t<a href=\"mailto:info@therapeut-naturheilpraxis.de\">\n\n\t\t\t\t\t\t\t\t\t\t\t\t<span class=\"elementor-icon-list-icon\">\n\t\t\t\t\t\t\t<i aria-hidden=\"true\" class=\"icon icon-envelope2\"><\/i>\t\t\t\t\t\t<\/span>\n\t\t\t\t\t\t\t\t\t\t<span class=\"elementor-icon-list-text\">info@therapeut-naturheilpraxis.de<\/span>\n\t\t\t\t\t\t\t\t\t\t\t<\/a>\n\t\t\t\t\t\t\t\t\t<\/li>\n\t\t\t\t\t\t<\/ul>\n\t\t\t\t\t\t<\/div>\n\t\t\t\t<\/div>\n\t\t\t\t<div class=\"elementor-element elementor-element-206f4d3 elementor-widget elementor-widget-text-editor\" data-id=\"206f4d3\" data-element_type=\"widget\" data-e-type=\"widget\" data-widget_type=\"text-editor.default\">\n\t\t\t\t<div class=\"elementor-widget-container\">\n\t\t\t\t\t\t\t\t\t<p><strong><span lang=\"DE\">F\u00fcr Jugendliche unter 26 Jahren erhalten Sie einen erm\u00e4\u00dfigten Tarif.<br \/><\/span><\/strong><span lang=\"DE\">Z\u00f6gern Sie nicht, mir Ihr Anliegen in der Betreffzeile der E-Mail anzugeben. Ich werde Ihnen innerhalb von 24 bis 48 Stunden antworten.<\/span><\/p><p><strong><span lang=\"DE\">Wenn Sie eine Sitzung absagen m\u00f6chten, m\u00fcssen Sie dies 48 Stunden im Voraus tun, sonst ist Ihre Sitzung kostenpflichtig. Vielen Dank f\u00fcr Ihr Verst\u00e4ndnis.<\/span><\/strong><\/p>\t\t\t\t\t\t\t\t<\/div>\n\t\t\t\t<\/div>\n\t\t\t\t\t<\/div>\n\t\t<\/div>\n\t\t\t\t<div class=\"elementor-column elementor-col-50 elementor-inner-column elementor-element elementor-element-10a986b\" data-id=\"10a986b\" data-element_type=\"column\" data-e-type=\"column\" data-settings=\"{&quot;background_background&quot;:&quot;classic&quot;}\">\n\t\t\t<div class=\"elementor-widget-wrap elementor-element-populated\">\n\t\t\t\t\t\t<div class=\"elementor-element elementor-element-c912eea elementor-widget elementor-widget-heading\" data-id=\"c912eea\" data-element_type=\"widget\" data-e-type=\"widget\" data-widget_type=\"heading.default\">\n\t\t\t\t<div class=\"elementor-widget-container\">\n\t\t\t\t\t<h2 class=\"elementor-heading-title elementor-size-default\">*Pflichtfelder<\/h2>\t\t\t\t<\/div>\n\t\t\t\t<\/div>\n\t\t\t\t<div class=\"elementor-element elementor-element-983d98f elementor-button-align-stretch elementor-widget elementor-widget-form\" data-id=\"983d98f\" data-element_type=\"widget\" data-e-type=\"widget\" data-settings=\"{&quot;step_next_label&quot;:&quot;N\\u00e4chster&quot;,&quot;step_previous_label&quot;:&quot;Voriger&quot;,&quot;button_width&quot;:&quot;100&quot;,&quot;step_type&quot;:&quot;number_text&quot;,&quot;step_icon_shape&quot;:&quot;circle&quot;}\" data-widget_type=\"form.default\">\n\t\t\t\t<div class=\"elementor-widget-container\">\n\t\t\t\t\t\t\t<form class=\"elementor-form\" method=\"post\" name=\"Neues Formular\">\n\t\t\t<input type=\"hidden\" name=\"post_id\" value=\"19\"\/>\n\t\t\t<input type=\"hidden\" name=\"form_id\" value=\"983d98f\"\/>\n\t\t\t<input type=\"hidden\" name=\"referer_title\" value=\"Blog \u25cf Molekulare Naturtherapie Praxis\" \/>\n\n\t\t\t\t\t\t\t<input type=\"hidden\" name=\"queried_id\" value=\"19\"\/>\n\t\t\t\n\t\t\t<div class=\"elementor-form-fields-wrapper elementor-labels-\">\n\t\t\t\t\t\t\t\t<div class=\"elementor-field-type-text elementor-field-group elementor-column elementor-field-group-name elementor-col-50 elementor-field-required\">\n\t\t\t\t\t\t\t\t\t\t\t\t<label for=\"form-field-name\" class=\"elementor-field-label elementor-screen-only\">\n\t\t\t\t\t\t\t\tVorname*\t\t\t\t\t\t\t<\/label>\n\t\t\t\t\t\t\t\t\t\t\t\t\t\t<input size=\"1\" type=\"text\" name=\"form_fields[name]\" id=\"form-field-name\" class=\"elementor-field elementor-size-sm  elementor-field-textual\" placeholder=\"Vorname*\" required=\"required\" aria-required=\"true\">\n\t\t\t\t\t\t\t\t\t\t\t<\/div>\n\t\t\t\t\t\t\t\t<div class=\"elementor-field-type-text elementor-field-group elementor-column elementor-field-group-field_c8fd697 elementor-col-50 elementor-field-required\">\n\t\t\t\t\t\t\t\t\t\t\t\t<label for=\"form-field-field_c8fd697\" class=\"elementor-field-label elementor-screen-only\">\n\t\t\t\t\t\t\t\tName*\t\t\t\t\t\t\t<\/label>\n\t\t\t\t\t\t\t\t\t\t\t\t\t\t<input size=\"1\" type=\"text\" name=\"form_fields[field_c8fd697]\" id=\"form-field-field_c8fd697\" class=\"elementor-field elementor-size-sm  elementor-field-textual\" placeholder=\"Name*\" required=\"required\" aria-required=\"true\">\n\t\t\t\t\t\t\t\t\t\t\t<\/div>\n\t\t\t\t\t\t\t\t<div class=\"elementor-field-type-email elementor-field-group elementor-column elementor-field-group-email elementor-col-50 elementor-field-required\">\n\t\t\t\t\t\t\t\t\t\t\t\t<label for=\"form-field-email\" class=\"elementor-field-label elementor-screen-only\">\n\t\t\t\t\t\t\t\tE-Mail\t\t\t\t\t\t\t<\/label>\n\t\t\t\t\t\t\t\t\t\t\t\t\t\t<input size=\"1\" type=\"email\" name=\"form_fields[email]\" id=\"form-field-email\" class=\"elementor-field elementor-size-sm  elementor-field-textual\" placeholder=\"E-Mail\" required=\"required\" aria-required=\"true\">\n\t\t\t\t\t\t\t\t\t\t\t<\/div>\n\t\t\t\t\t\t\t\t<div class=\"elementor-field-type-tel elementor-field-group elementor-column elementor-field-group-field_765c97a elementor-col-50\">\n\t\t\t\t\t\t\t\t\t\t\t\t<label for=\"form-field-field_765c97a\" class=\"elementor-field-label elementor-screen-only\">\n\t\t\t\t\t\t\t\tTelefon\t\t\t\t\t\t\t<\/label>\n\t\t\t\t\t\t\t\t<input size=\"1\" type=\"tel\" name=\"form_fields[field_765c97a]\" id=\"form-field-field_765c97a\" class=\"elementor-field elementor-size-sm  elementor-field-textual\" placeholder=\"Telefon\" pattern=\"[0-9()#&amp;+*-=.]+\" title=\"Nur Nummern oder Telefon-Zeichen (#, -, *, etc) werden akzeptiert.\">\n\n\t\t\t\t\t\t<\/div>\n\t\t\t\t\t\t\t\t<div class=\"elementor-field-type-select elementor-field-group elementor-column elementor-field-group-field_9b1ff6e elementor-col-100\">\n\t\t\t\t\t\t\t\t\t\t\t\t<label for=\"form-field-field_9b1ff6e\" class=\"elementor-field-label elementor-screen-only\">\n\t\t\t\t\t\t\t\tIhre Bed\u00fcrfnisse?\t\t\t\t\t\t\t<\/label>\n\t\t\t\t\t\t\t\t<div class=\"elementor-field elementor-select-wrapper remove-before \">\n\t\t\t<div class=\"select-caret-down-wrapper\">\n\t\t\t\t<i aria-hidden=\"true\" class=\"eicon-caret-down\"><\/i>\t\t\t<\/div>\n\t\t\t<select name=\"form_fields[field_9b1ff6e]\" id=\"form-field-field_9b1ff6e\" class=\"elementor-field-textual elementor-size-sm\">\n\t\t\t\t\t\t\t\t\t<option value=\"Eine naturheilkundliche Beratung\">Eine naturheilkundliche Beratung<\/option>\n\t\t\t\t\t\t\t\t\t<option value=\"Eine Einzeltherapie\">Eine Einzeltherapie<\/option>\n\t\t\t\t\t\t\t\t\t<option value=\"Eine Paartherapie\">Eine Paartherapie<\/option>\n\t\t\t\t\t\t\t\t\t<option value=\"Eine spezifische Frage\">Eine spezifische Frage<\/option>\n\t\t\t\t\t\t\t\t\t<option value=\"Geschenkgutschein: Eine Sitzung zur Entdeckung der Naturheilkunde\">Geschenkgutschein: Eine Sitzung zur Entdeckung der Naturheilkunde<\/option>\n\t\t\t\t\t\t\t\t\t<option value=\"Geschenkgutschein: Eine Sitzung f\u00fcr Paare\">Geschenkgutschein: Eine Sitzung f\u00fcr Paare<\/option>\n\t\t\t\t\t\t\t<\/select>\n\t\t<\/div>\n\t\t\t\t\t\t<\/div>\n\t\t\t\t\t\t\t\t<div class=\"elementor-field-type-textarea elementor-field-group elementor-column elementor-field-group-message elementor-col-100 elementor-field-required\">\n\t\t\t\t\t\t\t\t\t\t\t\t<label for=\"form-field-message\" class=\"elementor-field-label elementor-screen-only\">\n\t\t\t\t\t\t\t\tIhre Frage*\t\t\t\t\t\t\t<\/label>\n\t\t\t\t\t\t<textarea class=\"elementor-field-textual elementor-field  elementor-size-sm\" name=\"form_fields[message]\" id=\"form-field-message\" rows=\"4\" placeholder=\"Ihre Frage*\" required=\"required\" aria-required=\"true\"><\/textarea>\t\t\t\t<\/div>\n\t\t\t\t\t\t\t\t<div class=\"elementor-field-type-acceptance elementor-field-group elementor-column elementor-field-group-field_ba91eda elementor-col-100 elementor-field-required\">\n\t\t\t\t\t\t\t\t\t\t\t\t<label for=\"form-field-field_ba91eda\" class=\"elementor-field-label elementor-screen-only\">\n\t\t\t\t\t\t\t\tDatenschutz\t\t\t\t\t\t\t<\/label>\n\t\t\t\t\t\t\t\t<div class=\"elementor-field-subgroup\">\n\t\t\t<span class=\"elementor-field-option\">\n\t\t\t\t<input type=\"checkbox\" name=\"form_fields[field_ba91eda]\" id=\"form-field-field_ba91eda\" class=\"elementor-field elementor-size-sm  elementor-acceptance-field\" required=\"required\" aria-required=\"true\">\n\t\t\t\t<label for=\"form-field-field_ba91eda\"><b>*Datenschutz-Hinweis<\/b><br>\nIch bin mit der Verarbeitung meiner personenbezogenen Daten einverstanden und damit, dass mich molekulare Naturtherapie-Praxis per E-Mail und auch per Telefon kontaktieren darf. Mehr Informationen zu der Verwendung personenbezogener Daten erhalten Sie in unserer <a href=\"https:\/\/therapeut-naturheilpraxis.de\/datenschutz\/\">Datenschutzerkl\u00e4rung<\/a>.\n<\/label>\t\t\t<\/span>\n\t\t<\/div>\n\t\t\t\t\t\t<\/div>\n\t\t\t\t\t\t\t\t<div class=\"elementor-field-group elementor-column elementor-field-type-submit elementor-col-100 e-form__buttons\">\n\t\t\t\t\t<button class=\"elementor-button elementor-size-sm\" type=\"submit\">\n\t\t\t\t\t\t<span class=\"elementor-button-content-wrapper\">\n\t\t\t\t\t\t\t\t\t\t\t\t\t\t\t\t\t\t\t\t\t\t<span class=\"elementor-button-text\">Senden<\/span>\n\t\t\t\t\t\t\t\t\t\t\t\t\t<\/span>\n\t\t\t\t\t<\/button>\n\t\t\t\t<\/div>\n\t\t\t<\/div>\n\t\t<\/form>\n\t\t\t\t\t\t<\/div>\n\t\t\t\t<\/div>\n\t\t\t\t\t<\/div>\n\t\t<\/div>\n\t\t\t\t\t<\/div>\n\t\t<\/section>\n\t\t\t\t\t<\/div>\n\t\t<\/div>\n\t\t\t\t\t<\/div>\n\t\t<\/section>\n\t\t\t\t<\/div>\n\t\t","protected":false},"excerpt":{"rendered":"<p>Blog Ich habe einen Doktortitel in Humangenetik und einen Master in Integrativer Biologie und Physiologie mit Schwerpunkt Ern\u00e4hrung und bin begeistert von Forschung und Entwicklung. Ich habe eine Ausbildung in Naturheilkunde und Gestalttherapie absolviert. Jetzt beraten lassen Blog Ein Blick auf das Metabolische Syndrom und die Fettleber Fettleibigkeit ist ein gro\u00dfes Gesundheitsproblem. Die nichtalkoholische Fettlebererkrankung [&hellip;]<\/p>\n","protected":false},"author":1,"featured_media":0,"parent":0,"menu_order":0,"comment_status":"closed","ping_status":"closed","template":"elementor_header_footer","meta":{"footnotes":""},"class_list":["post-19","page","type-page","status-publish","hentry","entry","has-media"],"yoast_head":"<!-- This site is optimized with the Yoast SEO plugin v27.5 - https:\/\/yoast.com\/product\/yoast-seo-wordpress\/ -->\n<title>Blog \u25cf Molekulare Naturtherapie Praxis<\/title>\n<meta name=\"description\" content=\"Ich habe einen Doktortitel in Humangenetik und einen Master in integrativer Biologie und Physiologie mit Schwerpunkt Ern\u00e4hrung.\" \/>\n<meta name=\"robots\" content=\"index, follow, max-snippet:-1, max-image-preview:large, max-video-preview:-1\" \/>\n<link rel=\"canonical\" href=\"https:\/\/therapeut-naturheilpraxis.de\/fr\/blog\/\" \/>\n<meta property=\"og:locale\" content=\"fr_FR\" \/>\n<meta property=\"og:type\" content=\"article\" \/>\n<meta property=\"og:title\" content=\"Blog \u25cf Molekulare Naturtherapie Praxis\" \/>\n<meta property=\"og:description\" content=\"Ich habe einen Doktortitel in Humangenetik und einen Master in integrativer Biologie und Physiologie mit Schwerpunkt Ern\u00e4hrung.\" \/>\n<meta property=\"og:url\" content=\"https:\/\/therapeut-naturheilpraxis.de\/fr\/blog\/\" \/>\n<meta property=\"og:site_name\" content=\"Molekulare Naturtherapie Praxis\" \/>\n<meta property=\"article:modified_time\" content=\"2025-07-10T13:26:19+00:00\" \/>\n<meta property=\"og:image\" content=\"https:\/\/therapeut-naturheilpraxis.de\/wp-content\/uploads\/2023\/08\/q9k3_9c2p_181112-scaled.jpg\" \/>\n<meta name=\"twitter:card\" content=\"summary_large_image\" \/>\n<meta name=\"twitter:label1\" content=\"Dur\u00e9e de lecture estim\u00e9e\" \/>\n\t<meta name=\"twitter:data1\" content=\"5 minutes\" \/>\n<script type=\"application\/ld+json\" class=\"yoast-schema-graph\">{\"@context\":\"https:\\\/\\\/schema.org\",\"@graph\":[{\"@type\":\"WebPage\",\"@id\":\"https:\\\/\\\/therapeut-naturheilpraxis.de\\\/blog\\\/\",\"url\":\"https:\\\/\\\/therapeut-naturheilpraxis.de\\\/blog\\\/\",\"name\":\"Blog \u25cf Molekulare Naturtherapie Praxis\",\"isPartOf\":{\"@id\":\"https:\\\/\\\/therapeut-naturheilpraxis.de\\\/#website\"},\"primaryImageOfPage\":{\"@id\":\"https:\\\/\\\/therapeut-naturheilpraxis.de\\\/blog\\\/#primaryimage\"},\"image\":{\"@id\":\"https:\\\/\\\/therapeut-naturheilpraxis.de\\\/blog\\\/#primaryimage\"},\"thumbnailUrl\":\"https:\\\/\\\/therapeut-naturheilpraxis.de\\\/wp-content\\\/uploads\\\/2023\\\/08\\\/q9k3_9c2p_181112-scaled.jpg\",\"datePublished\":\"2023-05-31T09:47:32+00:00\",\"dateModified\":\"2025-07-10T13:26:19+00:00\",\"description\":\"Ich habe einen Doktortitel in Humangenetik und einen Master in integrativer Biologie und Physiologie mit Schwerpunkt Ern\u00e4hrung.\",\"breadcrumb\":{\"@id\":\"https:\\\/\\\/therapeut-naturheilpraxis.de\\\/blog\\\/#breadcrumb\"},\"inLanguage\":\"fr-FR\",\"potentialAction\":[{\"@type\":\"ReadAction\",\"target\":[\"https:\\\/\\\/therapeut-naturheilpraxis.de\\\/blog\\\/\"]}]},{\"@type\":\"ImageObject\",\"inLanguage\":\"fr-FR\",\"@id\":\"https:\\\/\\\/therapeut-naturheilpraxis.de\\\/blog\\\/#primaryimage\",\"url\":\"https:\\\/\\\/therapeut-naturheilpraxis.de\\\/wp-content\\\/uploads\\\/2023\\\/08\\\/q9k3_9c2p_181112-scaled.jpg\",\"contentUrl\":\"https:\\\/\\\/therapeut-naturheilpraxis.de\\\/wp-content\\\/uploads\\\/2023\\\/08\\\/q9k3_9c2p_181112-scaled.jpg\"},{\"@type\":\"BreadcrumbList\",\"@id\":\"https:\\\/\\\/therapeut-naturheilpraxis.de\\\/blog\\\/#breadcrumb\",\"itemListElement\":[{\"@type\":\"ListItem\",\"position\":1,\"name\":\"Startseite\",\"item\":\"https:\\\/\\\/therapeut-naturheilpraxis.de\\\/\"},{\"@type\":\"ListItem\",\"position\":2,\"name\":\"Blog\"}]},{\"@type\":\"WebSite\",\"@id\":\"https:\\\/\\\/therapeut-naturheilpraxis.de\\\/#website\",\"url\":\"https:\\\/\\\/therapeut-naturheilpraxis.de\\\/\",\"name\":\"Molekulare Naturtherapie-Praxis\",\"description\":\"\",\"publisher\":{\"@id\":\"https:\\\/\\\/therapeut-naturheilpraxis.de\\\/#organization\"},\"potentialAction\":[{\"@type\":\"SearchAction\",\"target\":{\"@type\":\"EntryPoint\",\"urlTemplate\":\"https:\\\/\\\/therapeut-naturheilpraxis.de\\\/?s={search_term_string}\"},\"query-input\":{\"@type\":\"PropertyValueSpecification\",\"valueRequired\":true,\"valueName\":\"search_term_string\"}}],\"inLanguage\":\"fr-FR\"},{\"@type\":\"Organization\",\"@id\":\"https:\\\/\\\/therapeut-naturheilpraxis.de\\\/#organization\",\"name\":\"Molekulare Naturtherapie-Praxis\",\"url\":\"https:\\\/\\\/therapeut-naturheilpraxis.de\\\/\",\"logo\":{\"@type\":\"ImageObject\",\"inLanguage\":\"fr-FR\",\"@id\":\"https:\\\/\\\/therapeut-naturheilpraxis.de\\\/#\\\/schema\\\/logo\\\/image\\\/\",\"url\":\"https:\\\/\\\/therapeut-naturheilpraxis.de\\\/wp-content\\\/uploads\\\/2023\\\/05\\\/logo-therapeuth-praxis-3.png\",\"contentUrl\":\"https:\\\/\\\/therapeut-naturheilpraxis.de\\\/wp-content\\\/uploads\\\/2023\\\/05\\\/logo-therapeuth-praxis-3.png\",\"width\":300,\"height\":264,\"caption\":\"Molekulare Naturtherapie-Praxis\"},\"image\":{\"@id\":\"https:\\\/\\\/therapeut-naturheilpraxis.de\\\/#\\\/schema\\\/logo\\\/image\\\/\"}}]}<\/script>\n<!-- \/ Yoast SEO plugin. -->","yoast_head_json":{"title":"Blog \u25cf Pratique de la th\u00e9rapie naturelle mol\u00e9culaire","description":"J'ai un doctorat en g\u00e9n\u00e9tique humaine et un master en biologie et physiologie int\u00e9gratives, avec une sp\u00e9cialisation en nutrition.","robots":{"index":"index","follow":"follow","max-snippet":"max-snippet:-1","max-image-preview":"max-image-preview:large","max-video-preview":"max-video-preview:-1"},"canonical":"https:\/\/therapeut-naturheilpraxis.de\/fr\/blog\/","og_locale":"fr_FR","og_type":"article","og_title":"Blog \u25cf Molekulare Naturtherapie Praxis","og_description":"Ich habe einen Doktortitel in Humangenetik und einen Master in integrativer Biologie und Physiologie mit Schwerpunkt Ern\u00e4hrung.","og_url":"https:\/\/therapeut-naturheilpraxis.de\/fr\/blog\/","og_site_name":"Molekulare Naturtherapie Praxis","article_modified_time":"2025-07-10T13:26:19+00:00","og_image":[{"url":"https:\/\/therapeut-naturheilpraxis.de\/wp-content\/uploads\/2023\/08\/q9k3_9c2p_181112-scaled.jpg","type":"","width":"","height":""}],"twitter_card":"summary_large_image","twitter_misc":{"Dur\u00e9e de lecture estim\u00e9e":"5 minutes"},"schema":{"@context":"https:\/\/schema.org","@graph":[{"@type":"WebPage","@id":"https:\/\/therapeut-naturheilpraxis.de\/blog\/","url":"https:\/\/therapeut-naturheilpraxis.de\/blog\/","name":"Blog \u25cf Pratique de la th\u00e9rapie naturelle mol\u00e9culaire","isPartOf":{"@id":"https:\/\/therapeut-naturheilpraxis.de\/#website"},"primaryImageOfPage":{"@id":"https:\/\/therapeut-naturheilpraxis.de\/blog\/#primaryimage"},"image":{"@id":"https:\/\/therapeut-naturheilpraxis.de\/blog\/#primaryimage"},"thumbnailUrl":"https:\/\/therapeut-naturheilpraxis.de\/wp-content\/uploads\/2023\/08\/q9k3_9c2p_181112-scaled.jpg","datePublished":"2023-05-31T09:47:32+00:00","dateModified":"2025-07-10T13:26:19+00:00","description":"J'ai un doctorat en g\u00e9n\u00e9tique humaine et un master en biologie et physiologie int\u00e9gratives, avec une sp\u00e9cialisation en nutrition.","breadcrumb":{"@id":"https:\/\/therapeut-naturheilpraxis.de\/blog\/#breadcrumb"},"inLanguage":"fr-FR","potentialAction":[{"@type":"ReadAction","target":["https:\/\/therapeut-naturheilpraxis.de\/blog\/"]}]},{"@type":"ImageObject","inLanguage":"fr-FR","@id":"https:\/\/therapeut-naturheilpraxis.de\/blog\/#primaryimage","url":"https:\/\/therapeut-naturheilpraxis.de\/wp-content\/uploads\/2023\/08\/q9k3_9c2p_181112-scaled.jpg","contentUrl":"https:\/\/therapeut-naturheilpraxis.de\/wp-content\/uploads\/2023\/08\/q9k3_9c2p_181112-scaled.jpg"},{"@type":"BreadcrumbList","@id":"https:\/\/therapeut-naturheilpraxis.de\/blog\/#breadcrumb","itemListElement":[{"@type":"ListItem","position":1,"name":"Startseite","item":"https:\/\/therapeut-naturheilpraxis.de\/"},{"@type":"ListItem","position":2,"name":"Blog"}]},{"@type":"WebSite","@id":"https:\/\/therapeut-naturheilpraxis.de\/#website","url":"https:\/\/therapeut-naturheilpraxis.de\/","name":"Pratique de la th\u00e9rapie naturelle mol\u00e9culaire","description":"","publisher":{"@id":"https:\/\/therapeut-naturheilpraxis.de\/#organization"},"potentialAction":[{"@type":"SearchAction","target":{"@type":"EntryPoint","urlTemplate":"https:\/\/therapeut-naturheilpraxis.de\/?s={search_term_string}"},"query-input":{"@type":"PropertyValueSpecification","valueRequired":true,"valueName":"search_term_string"}}],"inLanguage":"fr-FR"},{"@type":"Organization","@id":"https:\/\/therapeut-naturheilpraxis.de\/#organization","name":"Pratique de la th\u00e9rapie naturelle mol\u00e9culaire","url":"https:\/\/therapeut-naturheilpraxis.de\/","logo":{"@type":"ImageObject","inLanguage":"fr-FR","@id":"https:\/\/therapeut-naturheilpraxis.de\/#\/schema\/logo\/image\/","url":"https:\/\/therapeut-naturheilpraxis.de\/wp-content\/uploads\/2023\/05\/logo-therapeuth-praxis-3.png","contentUrl":"https:\/\/therapeut-naturheilpraxis.de\/wp-content\/uploads\/2023\/05\/logo-therapeuth-praxis-3.png","width":300,"height":264,"caption":"Molekulare Naturtherapie-Praxis"},"image":{"@id":"https:\/\/therapeut-naturheilpraxis.de\/#\/schema\/logo\/image\/"}}]}},"_links":{"self":[{"href":"https:\/\/therapeut-naturheilpraxis.de\/fr\/wp-json\/wp\/v2\/pages\/19","targetHints":{"allow":["GET"]}}],"collection":[{"href":"https:\/\/therapeut-naturheilpraxis.de\/fr\/wp-json\/wp\/v2\/pages"}],"about":[{"href":"https:\/\/therapeut-naturheilpraxis.de\/fr\/wp-json\/wp\/v2\/types\/page"}],"author":[{"embeddable":true,"href":"https:\/\/therapeut-naturheilpraxis.de\/fr\/wp-json\/wp\/v2\/users\/1"}],"replies":[{"embeddable":true,"href":"https:\/\/therapeut-naturheilpraxis.de\/fr\/wp-json\/wp\/v2\/comments?post=19"}],"version-history":[{"count":60,"href":"https:\/\/therapeut-naturheilpraxis.de\/fr\/wp-json\/wp\/v2\/pages\/19\/revisions"}],"predecessor-version":[{"id":1791,"href":"https:\/\/therapeut-naturheilpraxis.de\/fr\/wp-json\/wp\/v2\/pages\/19\/revisions\/1791"}],"wp:attachment":[{"href":"https:\/\/therapeut-naturheilpraxis.de\/fr\/wp-json\/wp\/v2\/media?parent=19"}],"curies":[{"name":"wp","href":"https:\/\/api.w.org\/{rel}","templated":true}]}}