{"id":443,"date":"2023-06-05T12:42:39","date_gmt":"2023-06-05T12:42:39","guid":{"rendered":"http:\/\/www.therapeut-naturheilpraxis.de\/?page_id=443"},"modified":"2025-07-10T14:26:43","modified_gmt":"2025-07-10T12:26:43","slug":"gestalttherapie","status":"publish","type":"page","link":"https:\/\/therapeut-naturheilpraxis.de\/en\/gestalttherapie\/","title":{"rendered":"Gestalt therapy"},"content":{"rendered":"\t\t<div data-elementor-type=\"wp-page\" data-elementor-id=\"443\" class=\"elementor elementor-443\" data-elementor-post-type=\"page\">\n\t\t\t\t\t\t<section class=\"elementor-section elementor-top-section elementor-element elementor-element-3c08943 elementor-section-boxed elementor-section-height-default elementor-section-height-default\" data-id=\"3c08943\" data-element_type=\"section\" data-e-type=\"section\" data-settings=\"{&quot;background_background&quot;:&quot;classic&quot;}\">\n\t\t\t\t\t\t\t<div class=\"elementor-background-overlay\"><\/div>\n\t\t\t\t\t\t\t<div class=\"elementor-container elementor-column-gap-default\">\n\t\t\t\t\t<div class=\"elementor-column elementor-col-50 elementor-top-column elementor-element elementor-element-3fd1926\" data-id=\"3fd1926\" data-element_type=\"column\" data-e-type=\"column\">\n\t\t\t<div class=\"elementor-widget-wrap elementor-element-populated\">\n\t\t\t\t\t\t<div class=\"elementor-element elementor-element-7574b6e elementor-widget elementor-widget-heading\" data-id=\"7574b6e\" data-element_type=\"widget\" data-e-type=\"widget\" data-widget_type=\"heading.default\">\n\t\t\t\t<div class=\"elementor-widget-container\">\n\t\t\t\t\t<h1 class=\"elementor-heading-title elementor-size-default\">Gestalttherapie<\/h1>\t\t\t\t<\/div>\n\t\t\t\t<\/div>\n\t\t\t\t<div class=\"elementor-element elementor-element-06c2829 elementor-widget elementor-widget-text-editor\" data-id=\"06c2829\" data-element_type=\"widget\" data-e-type=\"widget\" data-widget_type=\"text-editor.default\">\n\t\t\t\t<div class=\"elementor-widget-container\">\n\t\t\t\t\t\t\t\t\t<p>Die Gestalttherapie ber\u00fccksichtigt alle Aspekte des menschlichen Wesens: den K\u00f6rper, die Gedanken (Verstand), den Umgang mit Emotionen und die sozialen Beziehungen. Diese Therapie erm\u00f6glicht eine vertiefte Selbsterkenntnis und hilft, das, was hier und jetzt in Verbindung mit der Vergangenheit erlebt und gef\u00fchlt wird, ins Bewusstsein zu bringen.<\/p>\t\t\t\t\t\t\t\t<\/div>\n\t\t\t\t<\/div>\n\t\t\t\t<div class=\"elementor-element elementor-element-6e90c43 elementor-align-left elementor-widget__width-auto elementor-widget elementor-widget-button\" data-id=\"6e90c43\" data-element_type=\"widget\" data-e-type=\"widget\" data-widget_type=\"button.default\">\n\t\t\t\t<div class=\"elementor-widget-container\">\n\t\t\t\t\t\t\t\t\t<div class=\"elementor-button-wrapper\">\n\t\t\t\t\t<a class=\"elementor-button elementor-button-link elementor-size-xs\" href=\"https:\/\/calendly.com\/joyce-hokayem\/15min-kostenlose-beratung\">\n\t\t\t\t\t\t<span class=\"elementor-button-content-wrapper\">\n\t\t\t\t\t\t\t\t\t<span class=\"elementor-button-text\">Jetzt beraten lassen<\/span>\n\t\t\t\t\t<\/span>\n\t\t\t\t\t<\/a>\n\t\t\t\t<\/div>\n\t\t\t\t\t\t\t\t<\/div>\n\t\t\t\t<\/div>\n\t\t\t\t\t<\/div>\n\t\t<\/div>\n\t\t\t\t<div class=\"elementor-column elementor-col-50 elementor-top-column elementor-element elementor-element-03c404d\" data-id=\"03c404d\" data-element_type=\"column\" data-e-type=\"column\">\n\t\t\t<div class=\"elementor-widget-wrap\">\n\t\t\t\t\t\t\t<\/div>\n\t\t<\/div>\n\t\t\t\t\t<\/div>\n\t\t<\/section>\n\t\t\t\t<section class=\"elementor-section elementor-top-section elementor-element elementor-element-2a73067 elementor-section-boxed elementor-section-height-default elementor-section-height-default\" data-id=\"2a73067\" data-element_type=\"section\" data-e-type=\"section\">\n\t\t\t\t\t\t<div class=\"elementor-container elementor-column-gap-default\">\n\t\t\t\t\t<div class=\"elementor-column elementor-col-50 elementor-top-column elementor-element elementor-element-3d99820\" data-id=\"3d99820\" data-element_type=\"column\" data-e-type=\"column\">\n\t\t\t<div class=\"elementor-widget-wrap elementor-element-populated\">\n\t\t\t\t\t\t<div class=\"elementor-element elementor-element-266b0c6 elementor-widget elementor-widget-heading\" data-id=\"266b0c6\" data-element_type=\"widget\" data-e-type=\"widget\" data-widget_type=\"heading.default\">\n\t\t\t\t<div class=\"elementor-widget-container\">\n\t\t\t\t\t<h2 class=\"elementor-heading-title elementor-size-default\">Gestalttherapie<\/h2>\t\t\t\t<\/div>\n\t\t\t\t<\/div>\n\t\t\t\t<div class=\"elementor-element elementor-element-ba2ec74 elementor-widget elementor-widget-text-editor\" data-id=\"ba2ec74\" data-element_type=\"widget\" data-e-type=\"widget\" data-widget_type=\"text-editor.default\">\n\t\t\t\t<div class=\"elementor-widget-container\">\n\t\t\t\t\t\t\t\t\t<p data-start=\"560\" data-end=\"906\">Die <strong data-start=\"564\" data-end=\"583\">Gestalttherapie<\/strong> hilft Menschen, die sich <strong data-start=\"609\" data-end=\"639\">emotional blockiert f\u00fchlen<\/strong>, sich <strong data-start=\"646\" data-end=\"659\">ersch\u00f6pft<\/strong>, <strong data-start=\"661\" data-end=\"676\">\u00fcberfordert<\/strong> oder <strong data-start=\"682\" data-end=\"700\">innerlich leer<\/strong> erleben. Sie richtet sich an alle, die den Eindruck haben, sich <strong data-start=\"765\" data-end=\"793\">selbst verloren zu haben<\/strong>, in <strong data-start=\"798\" data-end=\"835\">wiederkehrenden Beziehungsmustern<\/strong> festzustecken oder <strong data-start=\"855\" data-end=\"895\">keinen Zugang mehr zu ihren Gef\u00fchlen<\/strong> zu finden.<\/p><p data-start=\"908\" data-end=\"1227\">Im Laufe unseres Lebens entwickeln wir oft unbewusst Schutzmechanismen, um mit schmerzhaften Erfahrungen, Gef\u00fchlen oder inneren Konflikten umzugehen. Manche dieser Anteile werden dabei <strong data-start=\"1093\" data-end=\"1125\">abgespalten oder unterdr\u00fcckt<\/strong> \u2013 sie werden nicht mehr gesp\u00fcrt, wirken aber dennoch weiter im Hintergrund. Das kann sich \u00e4u\u00dfern als:<\/p><ul data-start=\"1228\" data-end=\"1519\"><li data-start=\"1228\" data-end=\"1265\"><p data-start=\"1230\" data-end=\"1265\">ein Gef\u00fchl von <strong data-start=\"1245\" data-end=\"1262\">innerer Leere<\/strong>,<\/p><\/li><li data-start=\"1266\" data-end=\"1306\"><p data-start=\"1268\" data-end=\"1306\"><strong data-start=\"1268\" data-end=\"1292\">st\u00e4ndige Ersch\u00f6pfung<\/strong> trotz Ruhe,<\/p><\/li><li data-start=\"1307\" data-end=\"1361\"><p data-start=\"1309\" data-end=\"1361\"><strong data-start=\"1309\" data-end=\"1332\">emotionale Taubheit<\/strong> \u2013 \u201eich f\u00fchle nichts mehr\u201c,<\/p><\/li><li data-start=\"1362\" data-end=\"1415\"><p data-start=\"1364\" data-end=\"1415\"><strong data-start=\"1364\" data-end=\"1374\">Stress<\/strong>, <strong data-start=\"1376\" data-end=\"1386\">\u00c4ngste<\/strong> oder <strong data-start=\"1392\" data-end=\"1412\">Burnout-Symptome<\/strong>,<\/p><\/li><li data-start=\"1416\" data-end=\"1519\"><p data-start=\"1418\" data-end=\"1519\"><strong data-start=\"1418\" data-end=\"1452\">Unzufriedenheit in Beziehungen<\/strong> oder das Gef\u00fchl, <strong data-start=\"1470\" data-end=\"1518\">immer wieder in dieselben Muster zu rutschen<\/strong>.<\/p><\/li><\/ul><p data-start=\"1521\" data-end=\"1854\">Die <strong data-start=\"1525\" data-end=\"1544\">Gestalttherapie<\/strong> unterst\u00fctzt dabei, diese <strong data-start=\"1570\" data-end=\"1648\">verdr\u00e4ngten oder blockierten Erfahrungen behutsam ins Bewusstsein zu holen<\/strong>. Durch die gemeinsame Arbeit im therapeutischen Raum \u2013 \u00fcber <strong data-start=\"1709\" data-end=\"1760\">Gespr\u00e4ch, K\u00f6rperwahrnehmung, Emotion und Stille<\/strong> \u2013 entsteht <strong data-start=\"1772\" data-end=\"1797\">neuer innerer Kontakt<\/strong>. Erstarrte innere Zust\u00e4nde k\u00f6nnen sich wieder bewegen.<\/p><p data-start=\"1856\" data-end=\"1879\">Mit der Zeit entstehen:<\/p><ul data-start=\"1880\" data-end=\"2099\"><li data-start=\"1880\" data-end=\"1924\"><p data-start=\"1882\" data-end=\"1924\">ein <strong data-start=\"1886\" data-end=\"1921\">klareres Gef\u00fchl f\u00fcr sich selbst<\/strong>,<\/p><\/li><li data-start=\"1925\" data-end=\"1990\"><p data-start=\"1927\" data-end=\"1990\"><strong data-start=\"1927\" data-end=\"1987\">mehr Verbindung zu den eigenen Bed\u00fcrfnissen und Gef\u00fchlen<\/strong>,<\/p><\/li><li data-start=\"1991\" data-end=\"2033\"><p data-start=\"1993\" data-end=\"2033\"><strong data-start=\"1993\" data-end=\"2030\">Beziehungsf\u00e4higkeit auf Augenh\u00f6he<\/strong>,<\/p><\/li><li data-start=\"2034\" data-end=\"2099\"><p data-start=\"2036\" data-end=\"2099\">und das Gef\u00fchl, <strong data-start=\"2052\" data-end=\"2090\">wieder handlungsf\u00e4hig und lebendig<\/strong> zu sein.<\/p><\/li><\/ul><p data-start=\"2101\" data-end=\"2269\">Die Sitzungen dauern <strong data-start=\"2122\" data-end=\"2136\">90 Minuten<\/strong> und finden in der Regel alle <strong data-start=\"2166\" data-end=\"2190\">zwei bis drei Wochen<\/strong> statt \u2013 ein sicherer Raum f\u00fcr <strong data-start=\"2221\" data-end=\"2244\">tiefe innere Arbeit<\/strong>, in Ihrem eigenen Tempo.<\/p>\t\t\t\t\t\t\t\t<\/div>\n\t\t\t\t<\/div>\n\t\t\t\t\t<\/div>\n\t\t<\/div>\n\t\t\t\t<div class=\"elementor-column elementor-col-50 elementor-top-column elementor-element elementor-element-7ad211c\" data-id=\"7ad211c\" data-element_type=\"column\" data-e-type=\"column\" data-settings=\"{&quot;background_background&quot;:&quot;classic&quot;}\">\n\t\t\t<div class=\"elementor-widget-wrap elementor-element-populated\">\n\t\t\t\t\t\t<div class=\"elementor-element elementor-element-7cba5f7 elementor-widget elementor-widget-spacer\" data-id=\"7cba5f7\" data-element_type=\"widget\" data-e-type=\"widget\" data-widget_type=\"spacer.default\">\n\t\t\t\t<div class=\"elementor-widget-container\">\n\t\t\t\t\t\t\t<div class=\"elementor-spacer\">\n\t\t\t<div class=\"elementor-spacer-inner\"><\/div>\n\t\t<\/div>\n\t\t\t\t\t\t<\/div>\n\t\t\t\t<\/div>\n\t\t\t\t<section class=\"elementor-section elementor-inner-section elementor-element elementor-element-50759ca elementor-section-boxed elementor-section-height-default elementor-section-height-default\" data-id=\"50759ca\" data-element_type=\"section\" data-e-type=\"section\">\n\t\t\t\t\t\t<div class=\"elementor-container elementor-column-gap-default\">\n\t\t\t\t\t<div class=\"elementor-column elementor-col-100 elementor-inner-column elementor-element elementor-element-8fa6774\" data-id=\"8fa6774\" data-element_type=\"column\" data-e-type=\"column\" data-settings=\"{&quot;background_background&quot;:&quot;classic&quot;}\">\n\t\t\t<div class=\"elementor-widget-wrap elementor-element-populated\">\n\t\t\t\t\t\t<div class=\"elementor-element elementor-element-4a33b12 elementor-widget elementor-widget-heading\" data-id=\"4a33b12\" data-element_type=\"widget\" data-e-type=\"widget\" data-widget_type=\"heading.default\">\n\t\t\t\t<div class=\"elementor-widget-container\">\n\t\t\t\t\t<h2 class=\"elementor-heading-title elementor-size-default\">Ablauf der Sitzungen in der Gestalttherapie:\n<\/h2>\t\t\t\t<\/div>\n\t\t\t\t<\/div>\n\t\t\t\t<div class=\"elementor-element elementor-element-d174a82 elementor-widget elementor-widget-text-editor\" data-id=\"d174a82\" data-element_type=\"widget\" data-e-type=\"widget\" data-widget_type=\"text-editor.default\">\n\t\t\t\t<div class=\"elementor-widget-container\">\n\t\t\t\t\t\t\t\t\t<div class=\"vce-text-block\"><div id=\"el-e910930b\" class=\"vce-text-block-wrapper vce\" data-vce-do-apply=\"all el-e910930b\"><p><strong><span lang=\"DE\">Die Sitzungen dauern eineinhalb Stunden<\/span><\/strong><span lang=\"DE\">. Wir arbeiten gemeinsam an Ihrem inneren Konflikt. Die Sitzungen k\u00f6nnen per Videokonferenz oder in meiner Praxis stattfinden.<\/span><\/p><\/div><\/div>\t\t\t\t\t\t\t\t<\/div>\n\t\t\t\t<\/div>\n\t\t\t\t\t<\/div>\n\t\t<\/div>\n\t\t\t\t\t<\/div>\n\t\t<\/section>\n\t\t\t\t\t<\/div>\n\t\t<\/div>\n\t\t\t\t\t<\/div>\n\t\t<\/section>\n\t\t\t\t<section class=\"elementor-section elementor-top-section elementor-element elementor-element-a26580a elementor-section-boxed elementor-section-height-default elementor-section-height-default\" data-id=\"a26580a\" data-element_type=\"section\" data-e-type=\"section\" id=\"1zu1\" data-settings=\"{&quot;background_background&quot;:&quot;classic&quot;}\">\n\t\t\t\t\t\t<div class=\"elementor-container elementor-column-gap-default\">\n\t\t\t\t\t<div class=\"elementor-column elementor-col-100 elementor-top-column elementor-element elementor-element-be00927\" data-id=\"be00927\" data-element_type=\"column\" data-e-type=\"column\">\n\t\t\t<div class=\"elementor-widget-wrap elementor-element-populated\">\n\t\t\t\t\t\t<div class=\"elementor-element elementor-element-dc1bbd8 elementor-widget elementor-widget-heading\" data-id=\"dc1bbd8\" data-element_type=\"widget\" data-e-type=\"widget\" data-widget_type=\"heading.default\">\n\t\t\t\t<div class=\"elementor-widget-container\">\n\t\t\t\t\t<h2 class=\"elementor-heading-title elementor-size-default\">Wie l\u00e4uft eine 1:1-Sitzung ab?<\/h2>\t\t\t\t<\/div>\n\t\t\t\t<\/div>\n\t\t\t\t<div class=\"elementor-element elementor-element-0da6c21 elementor-icon-list--layout-traditional elementor-list-item-link-full_width elementor-widget elementor-widget-icon-list\" data-id=\"0da6c21\" data-element_type=\"widget\" data-e-type=\"widget\" data-widget_type=\"icon-list.default\">\n\t\t\t\t<div class=\"elementor-widget-container\">\n\t\t\t\t\t\t\t<ul class=\"elementor-icon-list-items\">\n\t\t\t\t\t\t\t<li class=\"elementor-icon-list-item\">\n\t\t\t\t\t\t\t\t\t\t\t<span class=\"elementor-icon-list-icon\">\n\t\t\t\t\t\t\t<i aria-hidden=\"true\" class=\"fas fa-circle\"><\/i>\t\t\t\t\t\t<\/span>\n\t\t\t\t\t\t\t\t\t\t<span class=\"elementor-icon-list-text\">Erstes 15-min\u00fctiges, kostenloses Gespr\u00e4ch zur Kl\u00e4rung von Anliegen und Beantwortung von Fragen.<\/span>\n\t\t\t\t\t\t\t\t\t<\/li>\n\t\t\t\t\t\t\t\t<li class=\"elementor-icon-list-item\">\n\t\t\t\t\t\t\t\t\t\t\t<span class=\"elementor-icon-list-icon\">\n\t\t\t\t\t\t\t<i aria-hidden=\"true\" class=\"fas fa-circle\"><\/i>\t\t\t\t\t\t<\/span>\n\t\t\t\t\t\t\t\t\t\t<span class=\"elementor-icon-list-text\">In der Gestalttherapie geht es darum, gemeinsam nach L\u00f6sungen zu suchen \u2013 durch den Dialog zwischen K\u00f6rper, Gedanken und Gef\u00fchlen, mit besonderer Aufmerksamkeit f\u00fcr k\u00f6rperliche Empfindungen.<\/span>\n\t\t\t\t\t\t\t\t\t<\/li>\n\t\t\t\t\t\t\t\t<li class=\"elementor-icon-list-item\">\n\t\t\t\t\t\t\t\t\t\t\t<span class=\"elementor-icon-list-icon\">\n\t\t\t\t\t\t\t<i aria-hidden=\"true\" class=\"fas fa-circle\"><\/i>\t\t\t\t\t\t<\/span>\n\t\t\t\t\t\t\t\t\t\t<span class=\"elementor-icon-list-text\">Gemeinsam erkunden wir innere Muster, oft nicht sofort greifbar \u2013 und schaffen Raum f\u00fcr neue Klarheit, Selbstverantwortung und Entwicklung.<\/span>\n\t\t\t\t\t\t\t\t\t<\/li>\n\t\t\t\t\t\t<\/ul>\n\t\t\t\t\t\t<\/div>\n\t\t\t\t<\/div>\n\t\t\t\t<div class=\"elementor-element elementor-element-7404762 elementor-widget elementor-widget-text-editor\" data-id=\"7404762\" data-element_type=\"widget\" data-e-type=\"widget\" data-widget_type=\"text-editor.default\">\n\t\t\t\t<div class=\"elementor-widget-container\">\n\t\t\t\t\t\t\t\t\t<p>Der Zellbiologe Dr. Bruce Lipton sagte: &#8222;Es steht mir frei zu \u00e4ndern, wie ich auf die Welt reagiere. Wenn ich also die Art und Weise \u00e4ndere, wie ich die Welt sehe, \u00e4ndere ich auch meinen genetischen Ausdruck. Wir sind nicht Opfer unsere Gene, wir sind Meister unserer Gene\u2018\u2018.<\/p>\t\t\t\t\t\t\t\t<\/div>\n\t\t\t\t<\/div>\n\t\t\t\t\t<\/div>\n\t\t<\/div>\n\t\t\t\t\t<\/div>\n\t\t<\/section>\n\t\t\t\t<section class=\"elementor-section elementor-top-section elementor-element elementor-element-d09a654 elementor-section-boxed elementor-section-height-default elementor-section-height-default\" data-id=\"d09a654\" data-element_type=\"section\" data-e-type=\"section\" id=\"paarberatung\">\n\t\t\t\t\t\t<div class=\"elementor-container elementor-column-gap-default\">\n\t\t\t\t\t<div class=\"elementor-column elementor-col-50 elementor-top-column elementor-element elementor-element-53b3470\" data-id=\"53b3470\" data-element_type=\"column\" data-e-type=\"column\">\n\t\t\t<div class=\"elementor-widget-wrap elementor-element-populated\">\n\t\t\t\t\t\t<div class=\"elementor-element elementor-element-29c8eb8 elementor-widget elementor-widget-heading\" data-id=\"29c8eb8\" data-element_type=\"widget\" data-e-type=\"widget\" data-widget_type=\"heading.default\">\n\t\t\t\t<div class=\"elementor-widget-container\">\n\t\t\t\t\t<h2 class=\"elementor-heading-title elementor-size-default\">Paarberatung<\/h2>\t\t\t\t<\/div>\n\t\t\t\t<\/div>\n\t\t\t\t<div class=\"elementor-element elementor-element-a734d49 elementor-widget elementor-widget-text-editor\" data-id=\"a734d49\" data-element_type=\"widget\" data-e-type=\"widget\" data-widget_type=\"text-editor.default\">\n\t\t\t\t<div class=\"elementor-widget-container\">\n\t\t\t\t\t\t\t\t\t<p data-start=\"354\" data-end=\"493\">Die <strong data-start=\"358\" data-end=\"374\">Paarberatung<\/strong> folgt keinem festen Protokoll oder Ablauf, sondern entsteht individuell aus meiner <strong data-start=\"458\" data-end=\"490\">Begegnung mit Ihnen als Paar<\/strong>.<\/p><p data-start=\"495\" data-end=\"661\">In der Sitzung hat jede Person die M\u00f6glichkeit, <strong data-start=\"543\" data-end=\"581\">ihre Sichtweise und ihren Konflikt<\/strong> auszudr\u00fccken \u2013 sei es in Bezug auf den Partner oder die gemeinsame Beziehung.<\/p><p data-start=\"663\" data-end=\"700\"><strong data-start=\"663\" data-end=\"698\">Eine Sitzung dauert 90 Minuten.<\/strong><\/p><p data-start=\"702\" data-end=\"783\">Themen, die h\u00e4ufig in der Paarberatung angesprochen werden, sind unter anderem:<\/p><ul data-start=\"784\" data-end=\"1276\"><li data-start=\"784\" data-end=\"831\"><p data-start=\"786\" data-end=\"831\"><strong data-start=\"786\" data-end=\"829\">Die Rolle der Frau in der Partnerschaft<\/strong><\/p><\/li><li data-start=\"832\" data-end=\"881\"><p data-start=\"834\" data-end=\"881\"><strong data-start=\"834\" data-end=\"879\">Die Rolle des Mannes in der Partnerschaft<\/strong><\/p><\/li><li data-start=\"882\" data-end=\"973\"><p data-start=\"884\" data-end=\"973\"><strong data-start=\"884\" data-end=\"915\">Das gemeinsame Wir als Paar<\/strong> im Zusammenhang mit Familie, Geld, Werten oder Freizeit<\/p><\/li><li data-start=\"974\" data-end=\"1058\"><p data-start=\"976\" data-end=\"1058\"><strong data-start=\"976\" data-end=\"1016\">Die Geburt oder Ankunft eines Kindes<\/strong> und ihre Auswirkungen auf die Beziehung<\/p><\/li><li data-start=\"1059\" data-end=\"1211\"><p data-start=\"1061\" data-end=\"1211\"><strong data-start=\"1061\" data-end=\"1087\">Krisenhafte Ereignisse<\/strong>, die das Gleichgewicht des Paares st\u00f6ren k\u00f6nnen, z.\u202fB. K\u00fcndigung, Arbeitslosigkeit, Umzug, Trauer, Gewalt, Sucht, Verlust<\/p><\/li><li data-start=\"1212\" data-end=\"1276\"><p data-start=\"1214\" data-end=\"1276\"><strong data-start=\"1214\" data-end=\"1246\">Die Bedeutung der Sexualit\u00e4t<\/strong> innerhalb der Partnerschaft<\/p><\/li><\/ul>\t\t\t\t\t\t\t\t<\/div>\n\t\t\t\t<\/div>\n\t\t\t\t\t<\/div>\n\t\t<\/div>\n\t\t\t\t<div class=\"elementor-column elementor-col-50 elementor-top-column elementor-element elementor-element-84fce81\" data-id=\"84fce81\" data-element_type=\"column\" data-e-type=\"column\" data-settings=\"{&quot;background_background&quot;:&quot;classic&quot;}\">\n\t\t\t<div class=\"elementor-widget-wrap elementor-element-populated\">\n\t\t\t\t\t\t<div class=\"elementor-element elementor-element-d33a0fe elementor-widget elementor-widget-spacer\" data-id=\"d33a0fe\" data-element_type=\"widget\" data-e-type=\"widget\" data-widget_type=\"spacer.default\">\n\t\t\t\t<div class=\"elementor-widget-container\">\n\t\t\t\t\t\t\t<div class=\"elementor-spacer\">\n\t\t\t<div class=\"elementor-spacer-inner\"><\/div>\n\t\t<\/div>\n\t\t\t\t\t\t<\/div>\n\t\t\t\t<\/div>\n\t\t\t\t<section class=\"elementor-section elementor-inner-section elementor-element elementor-element-8fe5b7b elementor-section-boxed elementor-section-height-default elementor-section-height-default\" data-id=\"8fe5b7b\" data-element_type=\"section\" data-e-type=\"section\">\n\t\t\t\t\t\t<div class=\"elementor-container elementor-column-gap-default\">\n\t\t\t\t\t<div class=\"elementor-column elementor-col-100 elementor-inner-column elementor-element elementor-element-04b5feb\" data-id=\"04b5feb\" data-element_type=\"column\" data-e-type=\"column\" data-settings=\"{&quot;background_background&quot;:&quot;classic&quot;}\">\n\t\t\t<div class=\"elementor-widget-wrap elementor-element-populated\">\n\t\t\t\t\t\t<div class=\"elementor-element elementor-element-9c07ca2 elementor-widget elementor-widget-text-editor\" data-id=\"9c07ca2\" data-element_type=\"widget\" data-e-type=\"widget\" data-widget_type=\"text-editor.default\">\n\t\t\t\t<div class=\"elementor-widget-container\">\n\t\t\t\t\t\t\t\t\t<div class=\"vce-text-block\"><div id=\"el-e910930b\" class=\"vce-text-block-wrapper vce\" data-vce-do-apply=\"all el-e910930b\"><p>In der Partnerschaft treten oft <strong data-start=\"146\" data-end=\"194\">unverarbeitete Verletzungen aus der Kindheit<\/strong> erneut zutage. Auch <strong data-start=\"215\" data-end=\"277\">wiederkehrende, generationen\u00fcbergreifende Beziehungsmuster<\/strong> k\u00f6nnen eine pr\u00e4gende Rolle spielen.<\/p><\/div><\/div>\t\t\t\t\t\t\t\t<\/div>\n\t\t\t\t<\/div>\n\t\t\t\t\t<\/div>\n\t\t<\/div>\n\t\t\t\t\t<\/div>\n\t\t<\/section>\n\t\t\t\t\t<\/div>\n\t\t<\/div>\n\t\t\t\t\t<\/div>\n\t\t<\/section>\n\t\t\t\t<section class=\"elementor-section elementor-top-section elementor-element elementor-element-372fa3f elementor-section-boxed elementor-section-height-default elementor-section-height-default\" data-id=\"372fa3f\" data-element_type=\"section\" data-e-type=\"section\" data-settings=\"{&quot;background_background&quot;:&quot;classic&quot;}\">\n\t\t\t\t\t\t\t<div class=\"elementor-background-overlay\"><\/div>\n\t\t\t\t\t\t\t<div class=\"elementor-container elementor-column-gap-default\">\n\t\t\t\t\t<div class=\"elementor-column elementor-col-100 elementor-top-column elementor-element elementor-element-02c50ac\" data-id=\"02c50ac\" data-element_type=\"column\" data-e-type=\"column\">\n\t\t\t<div class=\"elementor-widget-wrap elementor-element-populated\">\n\t\t\t\t\t\t<section class=\"elementor-section elementor-inner-section elementor-element elementor-element-c30e75e elementor-section-full_width elementor-section-height-default elementor-section-height-default\" data-id=\"c30e75e\" data-element_type=\"section\" data-e-type=\"section\">\n\t\t\t\t\t\t<div class=\"elementor-container elementor-column-gap-default\">\n\t\t\t\t\t<div class=\"elementor-column elementor-col-50 elementor-inner-column elementor-element elementor-element-8507a68\" data-id=\"8507a68\" data-element_type=\"column\" data-e-type=\"column\" data-settings=\"{&quot;background_background&quot;:&quot;classic&quot;}\">\n\t\t\t<div class=\"elementor-widget-wrap elementor-element-populated\">\n\t\t\t\t\t\t<div class=\"elementor-element elementor-element-9b7dabb elementor-widget elementor-widget-heading\" data-id=\"9b7dabb\" data-element_type=\"widget\" data-e-type=\"widget\" data-widget_type=\"heading.default\">\n\t\t\t\t<div class=\"elementor-widget-container\">\n\t\t\t\t\t<h2 class=\"elementor-heading-title elementor-size-default\">Pers\u00f6nliche Beratung <\/h2>\t\t\t\t<\/div>\n\t\t\t\t<\/div>\n\t\t\t\t<div class=\"elementor-element elementor-element-e3195ff elementor-icon-list--layout-inline elementor-align-start elementor-list-item-link-full_width elementor-widget elementor-widget-icon-list\" data-id=\"e3195ff\" data-element_type=\"widget\" data-e-type=\"widget\" data-widget_type=\"icon-list.default\">\n\t\t\t\t<div class=\"elementor-widget-container\">\n\t\t\t\t\t\t\t<ul class=\"elementor-icon-list-items elementor-inline-items\">\n\t\t\t\t\t\t\t<li class=\"elementor-icon-list-item elementor-inline-item\">\n\t\t\t\t\t\t\t\t\t\t\t<a href=\"tel:015175975749\">\n\n\t\t\t\t\t\t\t\t\t\t\t\t<span class=\"elementor-icon-list-icon\">\n\t\t\t\t\t\t\t<i aria-hidden=\"true\" class=\"icon icon-phone1\"><\/i>\t\t\t\t\t\t<\/span>\n\t\t\t\t\t\t\t\t\t\t<span class=\"elementor-icon-list-text\">+49 151 75975749<\/span>\n\t\t\t\t\t\t\t\t\t\t\t<\/a>\n\t\t\t\t\t\t\t\t\t<\/li>\n\t\t\t\t\t\t\t\t<li class=\"elementor-icon-list-item elementor-inline-item\">\n\t\t\t\t\t\t\t\t\t\t\t<a href=\"mailto:info@therapeut-naturheilpraxis.de\">\n\n\t\t\t\t\t\t\t\t\t\t\t\t<span class=\"elementor-icon-list-icon\">\n\t\t\t\t\t\t\t<i aria-hidden=\"true\" class=\"icon icon-envelope2\"><\/i>\t\t\t\t\t\t<\/span>\n\t\t\t\t\t\t\t\t\t\t<span class=\"elementor-icon-list-text\">info@therapeut-naturheilpraxis.de<\/span>\n\t\t\t\t\t\t\t\t\t\t\t<\/a>\n\t\t\t\t\t\t\t\t\t<\/li>\n\t\t\t\t\t\t<\/ul>\n\t\t\t\t\t\t<\/div>\n\t\t\t\t<\/div>\n\t\t\t\t<div class=\"elementor-element elementor-element-e7b5373 elementor-widget elementor-widget-text-editor\" data-id=\"e7b5373\" data-element_type=\"widget\" data-e-type=\"widget\" data-widget_type=\"text-editor.default\">\n\t\t\t\t<div class=\"elementor-widget-container\">\n\t\t\t\t\t\t\t\t\t<p><strong><span lang=\"DE\">F\u00fcr Jugendliche unter 26 Jahren erhalten Sie einen erm\u00e4\u00dfigten Tarif.<br \/><\/span><\/strong><span lang=\"DE\">Z\u00f6gern Sie nicht, mir Ihr Anliegen in der Betreffzeile der E-Mail anzugeben. Ich werde Ihnen innerhalb von 24 bis 48 Stunden antworten.<\/span><\/p><p><strong><span lang=\"DE\">Wenn Sie eine Sitzung absagen m\u00f6chten, m\u00fcssen Sie dies 48 Stunden im Voraus tun, sonst ist Ihre Sitzung kostenpflichtig. Vielen Dank f\u00fcr Ihr Verst\u00e4ndnis.<\/span><\/strong><\/p>\t\t\t\t\t\t\t\t<\/div>\n\t\t\t\t<\/div>\n\t\t\t\t\t<\/div>\n\t\t<\/div>\n\t\t\t\t<div class=\"elementor-column elementor-col-50 elementor-inner-column elementor-element elementor-element-2600044\" data-id=\"2600044\" data-element_type=\"column\" data-e-type=\"column\" data-settings=\"{&quot;background_background&quot;:&quot;classic&quot;}\">\n\t\t\t<div class=\"elementor-widget-wrap elementor-element-populated\">\n\t\t\t\t\t\t<div class=\"elementor-element elementor-element-ef5b2d2 elementor-widget elementor-widget-heading\" data-id=\"ef5b2d2\" data-element_type=\"widget\" data-e-type=\"widget\" data-widget_type=\"heading.default\">\n\t\t\t\t<div class=\"elementor-widget-container\">\n\t\t\t\t\t<h2 class=\"elementor-heading-title elementor-size-default\">*Pflichtfelder<\/h2>\t\t\t\t<\/div>\n\t\t\t\t<\/div>\n\t\t\t\t<div class=\"elementor-element elementor-element-7a5b3e9 elementor-button-align-stretch elementor-widget elementor-widget-form\" data-id=\"7a5b3e9\" data-element_type=\"widget\" data-e-type=\"widget\" data-settings=\"{&quot;step_next_label&quot;:&quot;N\\u00e4chster&quot;,&quot;step_previous_label&quot;:&quot;Voriger&quot;,&quot;button_width&quot;:&quot;100&quot;,&quot;step_type&quot;:&quot;number_text&quot;,&quot;step_icon_shape&quot;:&quot;circle&quot;}\" data-widget_type=\"form.default\">\n\t\t\t\t<div class=\"elementor-widget-container\">\n\t\t\t\t\t\t\t<form class=\"elementor-form\" method=\"post\" name=\"Neues Formular\">\n\t\t\t<input type=\"hidden\" name=\"post_id\" value=\"443\"\/>\n\t\t\t<input type=\"hidden\" name=\"form_id\" value=\"7a5b3e9\"\/>\n\t\t\t<input type=\"hidden\" name=\"referer_title\" value=\"Gestalttherapie \u25cf Molekulare Naturtherapie-Praxis\" \/>\n\n\t\t\t\t\t\t\t<input type=\"hidden\" name=\"queried_id\" value=\"443\"\/>\n\t\t\t\n\t\t\t<div class=\"elementor-form-fields-wrapper elementor-labels-\">\n\t\t\t\t\t\t\t\t<div class=\"elementor-field-type-text elementor-field-group elementor-column elementor-field-group-name elementor-col-50 elementor-field-required\">\n\t\t\t\t\t\t\t\t\t\t\t\t<label for=\"form-field-name\" class=\"elementor-field-label elementor-screen-only\">\n\t\t\t\t\t\t\t\tVorname*\t\t\t\t\t\t\t<\/label>\n\t\t\t\t\t\t\t\t\t\t\t\t\t\t<input size=\"1\" type=\"text\" name=\"form_fields[name]\" id=\"form-field-name\" class=\"elementor-field elementor-size-sm  elementor-field-textual\" placeholder=\"Vorname*\" required=\"required\" aria-required=\"true\">\n\t\t\t\t\t\t\t\t\t\t\t<\/div>\n\t\t\t\t\t\t\t\t<div class=\"elementor-field-type-text elementor-field-group elementor-column elementor-field-group-field_c8fd697 elementor-col-50 elementor-field-required\">\n\t\t\t\t\t\t\t\t\t\t\t\t<label for=\"form-field-field_c8fd697\" class=\"elementor-field-label elementor-screen-only\">\n\t\t\t\t\t\t\t\tName*\t\t\t\t\t\t\t<\/label>\n\t\t\t\t\t\t\t\t\t\t\t\t\t\t<input size=\"1\" type=\"text\" name=\"form_fields[field_c8fd697]\" id=\"form-field-field_c8fd697\" class=\"elementor-field elementor-size-sm  elementor-field-textual\" placeholder=\"Name*\" required=\"required\" aria-required=\"true\">\n\t\t\t\t\t\t\t\t\t\t\t<\/div>\n\t\t\t\t\t\t\t\t<div class=\"elementor-field-type-email elementor-field-group elementor-column elementor-field-group-email elementor-col-50 elementor-field-required\">\n\t\t\t\t\t\t\t\t\t\t\t\t<label for=\"form-field-email\" class=\"elementor-field-label elementor-screen-only\">\n\t\t\t\t\t\t\t\tE-Mail\t\t\t\t\t\t\t<\/label>\n\t\t\t\t\t\t\t\t\t\t\t\t\t\t<input size=\"1\" type=\"email\" name=\"form_fields[email]\" id=\"form-field-email\" class=\"elementor-field elementor-size-sm  elementor-field-textual\" placeholder=\"E-Mail\" required=\"required\" aria-required=\"true\">\n\t\t\t\t\t\t\t\t\t\t\t<\/div>\n\t\t\t\t\t\t\t\t<div class=\"elementor-field-type-tel elementor-field-group elementor-column elementor-field-group-field_765c97a elementor-col-50\">\n\t\t\t\t\t\t\t\t\t\t\t\t<label for=\"form-field-field_765c97a\" class=\"elementor-field-label elementor-screen-only\">\n\t\t\t\t\t\t\t\tTelefon\t\t\t\t\t\t\t<\/label>\n\t\t\t\t\t\t\t\t<input size=\"1\" type=\"tel\" name=\"form_fields[field_765c97a]\" id=\"form-field-field_765c97a\" class=\"elementor-field elementor-size-sm  elementor-field-textual\" placeholder=\"Telefon\" pattern=\"[0-9()#&amp;+*-=.]+\" title=\"Nur Nummern oder Telefon-Zeichen (#, -, *, etc) werden akzeptiert.\">\n\n\t\t\t\t\t\t<\/div>\n\t\t\t\t\t\t\t\t<div class=\"elementor-field-type-select elementor-field-group elementor-column elementor-field-group-field_9b1ff6e elementor-col-100\">\n\t\t\t\t\t\t\t\t\t\t\t\t<label for=\"form-field-field_9b1ff6e\" class=\"elementor-field-label elementor-screen-only\">\n\t\t\t\t\t\t\t\tIhre Bed\u00fcrfnisse?\t\t\t\t\t\t\t<\/label>\n\t\t\t\t\t\t\t\t<div class=\"elementor-field elementor-select-wrapper remove-before \">\n\t\t\t<div class=\"select-caret-down-wrapper\">\n\t\t\t\t<i aria-hidden=\"true\" class=\"eicon-caret-down\"><\/i>\t\t\t<\/div>\n\t\t\t<select name=\"form_fields[field_9b1ff6e]\" id=\"form-field-field_9b1ff6e\" class=\"elementor-field-textual elementor-size-sm\">\n\t\t\t\t\t\t\t\t\t<option value=\"Eine naturheilkundliche Beratung\">Eine naturheilkundliche Beratung<\/option>\n\t\t\t\t\t\t\t\t\t<option value=\"Eine Einzeltherapie\">Eine Einzeltherapie<\/option>\n\t\t\t\t\t\t\t\t\t<option value=\"Eine Paartherapie\">Eine Paartherapie<\/option>\n\t\t\t\t\t\t\t\t\t<option value=\"Eine spezifische Frage\">Eine spezifische Frage<\/option>\n\t\t\t\t\t\t\t\t\t<option value=\"Geschenkgutschein: Eine Sitzung zur Entdeckung der Naturheilkunde\">Geschenkgutschein: Eine Sitzung zur Entdeckung der Naturheilkunde<\/option>\n\t\t\t\t\t\t\t\t\t<option value=\"Geschenkgutschein: Eine Sitzung f\u00fcr Paare\">Geschenkgutschein: Eine Sitzung f\u00fcr Paare<\/option>\n\t\t\t\t\t\t\t<\/select>\n\t\t<\/div>\n\t\t\t\t\t\t<\/div>\n\t\t\t\t\t\t\t\t<div class=\"elementor-field-type-textarea elementor-field-group elementor-column elementor-field-group-message elementor-col-100 elementor-field-required\">\n\t\t\t\t\t\t\t\t\t\t\t\t<label for=\"form-field-message\" class=\"elementor-field-label elementor-screen-only\">\n\t\t\t\t\t\t\t\tIhre Frage*\t\t\t\t\t\t\t<\/label>\n\t\t\t\t\t\t<textarea class=\"elementor-field-textual elementor-field  elementor-size-sm\" name=\"form_fields[message]\" id=\"form-field-message\" rows=\"4\" placeholder=\"Ihre Frage*\" required=\"required\" aria-required=\"true\"><\/textarea>\t\t\t\t<\/div>\n\t\t\t\t\t\t\t\t<div class=\"elementor-field-type-acceptance elementor-field-group elementor-column elementor-field-group-field_ba91eda elementor-col-100 elementor-field-required\">\n\t\t\t\t\t\t\t\t\t\t\t\t<label for=\"form-field-field_ba91eda\" class=\"elementor-field-label elementor-screen-only\">\n\t\t\t\t\t\t\t\tDatenschutz\t\t\t\t\t\t\t<\/label>\n\t\t\t\t\t\t\t\t<div class=\"elementor-field-subgroup\">\n\t\t\t<span class=\"elementor-field-option\">\n\t\t\t\t<input type=\"checkbox\" name=\"form_fields[field_ba91eda]\" id=\"form-field-field_ba91eda\" class=\"elementor-field elementor-size-sm  elementor-acceptance-field\" required=\"required\" aria-required=\"true\">\n\t\t\t\t<label for=\"form-field-field_ba91eda\"><b>*Datenschutz-Hinweis<\/b><br>\nIch bin mit der Verarbeitung meiner personenbezogenen Daten einverstanden und damit, dass mich molekulare Naturtherapie-Praxis per E-Mail und auch per Telefon kontaktieren darf. Mehr Informationen zu der Verwendung personenbezogener Daten erhalten Sie in unserer <a href=\"https:\/\/therapeut-naturheilpraxis.de\/datenschutz\/\">Datenschutzerkl\u00e4rung<\/a>.\n<\/label>\t\t\t<\/span>\n\t\t<\/div>\n\t\t\t\t\t\t<\/div>\n\t\t\t\t\t\t\t\t<div class=\"elementor-field-group elementor-column elementor-field-type-submit elementor-col-100 e-form__buttons\">\n\t\t\t\t\t<button class=\"elementor-button elementor-size-sm\" type=\"submit\">\n\t\t\t\t\t\t<span class=\"elementor-button-content-wrapper\">\n\t\t\t\t\t\t\t\t\t\t\t\t\t\t\t\t\t\t\t\t\t\t<span class=\"elementor-button-text\">Senden<\/span>\n\t\t\t\t\t\t\t\t\t\t\t\t\t<\/span>\n\t\t\t\t\t<\/button>\n\t\t\t\t<\/div>\n\t\t\t<\/div>\n\t\t<\/form>\n\t\t\t\t\t\t<\/div>\n\t\t\t\t<\/div>\n\t\t\t\t\t<\/div>\n\t\t<\/div>\n\t\t\t\t\t<\/div>\n\t\t<\/section>\n\t\t\t\t\t<\/div>\n\t\t<\/div>\n\t\t\t\t\t<\/div>\n\t\t<\/section>\n\t\t\t\t<\/div>\n\t\t","protected":false},"excerpt":{"rendered":"<p>Gestalttherapie Die Gestalttherapie ber\u00fccksichtigt alle Aspekte des menschlichen Wesens: den K\u00f6rper, die Gedanken (Verstand), den Umgang mit Emotionen und die sozialen Beziehungen. Diese Therapie erm\u00f6glicht eine vertiefte Selbsterkenntnis und hilft, das, was hier und jetzt in Verbindung mit der Vergangenheit erlebt und gef\u00fchlt wird, ins Bewusstsein zu bringen. Jetzt beraten lassen Gestalttherapie Die Gestalttherapie hilft [&hellip;]<\/p>\n","protected":false},"author":1,"featured_media":0,"parent":0,"menu_order":0,"comment_status":"closed","ping_status":"closed","template":"elementor_header_footer","meta":{"footnotes":""},"class_list":["post-443","page","type-page","status-publish","hentry","entry"],"yoast_head":"<!-- This site is optimized with the Yoast SEO plugin v27.5 - https:\/\/yoast.com\/product\/yoast-seo-wordpress\/ -->\n<title>Gestalttherapie \u25cf Molekulare Naturtherapie-Praxis<\/title>\n<meta name=\"description\" content=\"Die Psychotherapie ist eine Analyse des Ablaufs der Selbst- und Weltpr\u00e4senz und ebnet den Weg f\u00fcr die Bildung flexibler und angepasster Formen\" \/>\n<meta name=\"robots\" content=\"index, follow, max-snippet:-1, max-image-preview:large, max-video-preview:-1\" \/>\n<link rel=\"canonical\" href=\"https:\/\/therapeut-naturheilpraxis.de\/en\/gestalttherapie\/\" \/>\n<meta property=\"og:locale\" content=\"en_GB\" \/>\n<meta property=\"og:type\" content=\"article\" \/>\n<meta property=\"og:title\" content=\"Gestalttherapie \u25cf Molekulare Naturtherapie-Praxis\" \/>\n<meta property=\"og:description\" content=\"Die Psychotherapie ist eine Analyse des Ablaufs der Selbst- und Weltpr\u00e4senz und ebnet den Weg f\u00fcr die Bildung flexibler und angepasster Formen\" \/>\n<meta property=\"og:url\" content=\"https:\/\/therapeut-naturheilpraxis.de\/en\/gestalttherapie\/\" \/>\n<meta property=\"og:site_name\" content=\"Molekulare Naturtherapie Praxis\" \/>\n<meta property=\"article:modified_time\" content=\"2025-07-10T12:26:43+00:00\" \/>\n<meta name=\"twitter:card\" content=\"summary_large_image\" \/>\n<meta name=\"twitter:label1\" content=\"Estimated reading time\" \/>\n\t<meta name=\"twitter:data1\" content=\"4 minutes\" \/>\n<script type=\"application\/ld+json\" class=\"yoast-schema-graph\">{\"@context\":\"https:\\\/\\\/schema.org\",\"@graph\":[{\"@type\":\"WebPage\",\"@id\":\"https:\\\/\\\/therapeut-naturheilpraxis.de\\\/gestalttherapie\\\/\",\"url\":\"https:\\\/\\\/therapeut-naturheilpraxis.de\\\/gestalttherapie\\\/\",\"name\":\"Gestalttherapie \u25cf Molekulare Naturtherapie-Praxis\",\"isPartOf\":{\"@id\":\"https:\\\/\\\/therapeut-naturheilpraxis.de\\\/#website\"},\"datePublished\":\"2023-06-05T12:42:39+00:00\",\"dateModified\":\"2025-07-10T12:26:43+00:00\",\"description\":\"Die Psychotherapie ist eine Analyse des Ablaufs der Selbst- und Weltpr\u00e4senz und ebnet den Weg f\u00fcr die Bildung flexibler und angepasster Formen\",\"breadcrumb\":{\"@id\":\"https:\\\/\\\/therapeut-naturheilpraxis.de\\\/gestalttherapie\\\/#breadcrumb\"},\"inLanguage\":\"en-GB\",\"potentialAction\":[{\"@type\":\"ReadAction\",\"target\":[\"https:\\\/\\\/therapeut-naturheilpraxis.de\\\/gestalttherapie\\\/\"]}]},{\"@type\":\"BreadcrumbList\",\"@id\":\"https:\\\/\\\/therapeut-naturheilpraxis.de\\\/gestalttherapie\\\/#breadcrumb\",\"itemListElement\":[{\"@type\":\"ListItem\",\"position\":1,\"name\":\"Startseite\",\"item\":\"https:\\\/\\\/therapeut-naturheilpraxis.de\\\/\"},{\"@type\":\"ListItem\",\"position\":2,\"name\":\"Gestalttherapie\"}]},{\"@type\":\"WebSite\",\"@id\":\"https:\\\/\\\/therapeut-naturheilpraxis.de\\\/#website\",\"url\":\"https:\\\/\\\/therapeut-naturheilpraxis.de\\\/\",\"name\":\"Molekulare Naturtherapie-Praxis\",\"description\":\"\",\"publisher\":{\"@id\":\"https:\\\/\\\/therapeut-naturheilpraxis.de\\\/#organization\"},\"potentialAction\":[{\"@type\":\"SearchAction\",\"target\":{\"@type\":\"EntryPoint\",\"urlTemplate\":\"https:\\\/\\\/therapeut-naturheilpraxis.de\\\/?s={search_term_string}\"},\"query-input\":{\"@type\":\"PropertyValueSpecification\",\"valueRequired\":true,\"valueName\":\"search_term_string\"}}],\"inLanguage\":\"en-GB\"},{\"@type\":\"Organization\",\"@id\":\"https:\\\/\\\/therapeut-naturheilpraxis.de\\\/#organization\",\"name\":\"Molekulare Naturtherapie-Praxis\",\"url\":\"https:\\\/\\\/therapeut-naturheilpraxis.de\\\/\",\"logo\":{\"@type\":\"ImageObject\",\"inLanguage\":\"en-GB\",\"@id\":\"https:\\\/\\\/therapeut-naturheilpraxis.de\\\/#\\\/schema\\\/logo\\\/image\\\/\",\"url\":\"https:\\\/\\\/therapeut-naturheilpraxis.de\\\/wp-content\\\/uploads\\\/2023\\\/05\\\/logo-therapeuth-praxis-3.png\",\"contentUrl\":\"https:\\\/\\\/therapeut-naturheilpraxis.de\\\/wp-content\\\/uploads\\\/2023\\\/05\\\/logo-therapeuth-praxis-3.png\",\"width\":300,\"height\":264,\"caption\":\"Molekulare Naturtherapie-Praxis\"},\"image\":{\"@id\":\"https:\\\/\\\/therapeut-naturheilpraxis.de\\\/#\\\/schema\\\/logo\\\/image\\\/\"}}]}<\/script>\n<!-- \/ Yoast SEO plugin. -->","yoast_head_json":{"title":"Gestalt therapy \u25cf Molecular nature therapy practice","description":"Psychotherapy is an analysis of the process of self and world presence and paves the way for the formation of flexible and customised forms","robots":{"index":"index","follow":"follow","max-snippet":"max-snippet:-1","max-image-preview":"max-image-preview:large","max-video-preview":"max-video-preview:-1"},"canonical":"https:\/\/therapeut-naturheilpraxis.de\/en\/gestalttherapie\/","og_locale":"en_GB","og_type":"article","og_title":"Gestalttherapie \u25cf Molekulare Naturtherapie-Praxis","og_description":"Die Psychotherapie ist eine Analyse des Ablaufs der Selbst- und Weltpr\u00e4senz und ebnet den Weg f\u00fcr die Bildung flexibler und angepasster Formen","og_url":"https:\/\/therapeut-naturheilpraxis.de\/en\/gestalttherapie\/","og_site_name":"Molekulare Naturtherapie Praxis","article_modified_time":"2025-07-10T12:26:43+00:00","twitter_card":"summary_large_image","twitter_misc":{"Estimated reading time":"4 minutes"},"schema":{"@context":"https:\/\/schema.org","@graph":[{"@type":"WebPage","@id":"https:\/\/therapeut-naturheilpraxis.de\/gestalttherapie\/","url":"https:\/\/therapeut-naturheilpraxis.de\/gestalttherapie\/","name":"Gestalt therapy \u25cf Molecular nature therapy practice","isPartOf":{"@id":"https:\/\/therapeut-naturheilpraxis.de\/#website"},"datePublished":"2023-06-05T12:42:39+00:00","dateModified":"2025-07-10T12:26:43+00:00","description":"Psychotherapy is an analysis of the process of self and world presence and paves the way for the formation of flexible and customised forms","breadcrumb":{"@id":"https:\/\/therapeut-naturheilpraxis.de\/gestalttherapie\/#breadcrumb"},"inLanguage":"en-GB","potentialAction":[{"@type":"ReadAction","target":["https:\/\/therapeut-naturheilpraxis.de\/gestalttherapie\/"]}]},{"@type":"BreadcrumbList","@id":"https:\/\/therapeut-naturheilpraxis.de\/gestalttherapie\/#breadcrumb","itemListElement":[{"@type":"ListItem","position":1,"name":"Startseite","item":"https:\/\/therapeut-naturheilpraxis.de\/"},{"@type":"ListItem","position":2,"name":"Gestalttherapie"}]},{"@type":"WebSite","@id":"https:\/\/therapeut-naturheilpraxis.de\/#website","url":"https:\/\/therapeut-naturheilpraxis.de\/","name":"Molecular Nature Therapy Practice","description":"","publisher":{"@id":"https:\/\/therapeut-naturheilpraxis.de\/#organization"},"potentialAction":[{"@type":"SearchAction","target":{"@type":"EntryPoint","urlTemplate":"https:\/\/therapeut-naturheilpraxis.de\/?s={search_term_string}"},"query-input":{"@type":"PropertyValueSpecification","valueRequired":true,"valueName":"search_term_string"}}],"inLanguage":"en-GB"},{"@type":"Organization","@id":"https:\/\/therapeut-naturheilpraxis.de\/#organization","name":"Molecular Nature Therapy Practice","url":"https:\/\/therapeut-naturheilpraxis.de\/","logo":{"@type":"ImageObject","inLanguage":"en-GB","@id":"https:\/\/therapeut-naturheilpraxis.de\/#\/schema\/logo\/image\/","url":"https:\/\/therapeut-naturheilpraxis.de\/wp-content\/uploads\/2023\/05\/logo-therapeuth-praxis-3.png","contentUrl":"https:\/\/therapeut-naturheilpraxis.de\/wp-content\/uploads\/2023\/05\/logo-therapeuth-praxis-3.png","width":300,"height":264,"caption":"Molekulare Naturtherapie-Praxis"},"image":{"@id":"https:\/\/therapeut-naturheilpraxis.de\/#\/schema\/logo\/image\/"}}]}},"_links":{"self":[{"href":"https:\/\/therapeut-naturheilpraxis.de\/en\/wp-json\/wp\/v2\/pages\/443","targetHints":{"allow":["GET"]}}],"collection":[{"href":"https:\/\/therapeut-naturheilpraxis.de\/en\/wp-json\/wp\/v2\/pages"}],"about":[{"href":"https:\/\/therapeut-naturheilpraxis.de\/en\/wp-json\/wp\/v2\/types\/page"}],"author":[{"embeddable":true,"href":"https:\/\/therapeut-naturheilpraxis.de\/en\/wp-json\/wp\/v2\/users\/1"}],"replies":[{"embeddable":true,"href":"https:\/\/therapeut-naturheilpraxis.de\/en\/wp-json\/wp\/v2\/comments?post=443"}],"version-history":[{"count":84,"href":"https:\/\/therapeut-naturheilpraxis.de\/en\/wp-json\/wp\/v2\/pages\/443\/revisions"}],"predecessor-version":[{"id":1896,"href":"https:\/\/therapeut-naturheilpraxis.de\/en\/wp-json\/wp\/v2\/pages\/443\/revisions\/1896"}],"wp:attachment":[{"href":"https:\/\/therapeut-naturheilpraxis.de\/en\/wp-json\/wp\/v2\/media?parent=443"}],"curies":[{"name":"wp","href":"https:\/\/api.w.org\/{rel}","templated":true}]}}