{"id":211,"date":"2023-06-05T06:59:02","date_gmt":"2023-06-05T06:59:02","guid":{"rendered":"http:\/\/www.therapeut-naturheilpraxis.de\/?page_id=211"},"modified":"2025-08-29T16:53:01","modified_gmt":"2025-08-29T14:53:01","slug":"home","status":"publish","type":"page","link":"https:\/\/therapeut-naturheilpraxis.de\/en\/","title":{"rendered":"Home"},"content":{"rendered":"\t\t<div data-elementor-type=\"wp-page\" data-elementor-id=\"211\" class=\"elementor elementor-211\" data-elementor-post-type=\"page\">\n\t\t\t\t\t\t<section class=\"elementor-section elementor-top-section elementor-element elementor-element-82516e3 elementor-section-boxed elementor-section-height-default elementor-section-height-default\" data-id=\"82516e3\" data-element_type=\"section\" data-e-type=\"section\" data-settings=\"{&quot;background_background&quot;:&quot;classic&quot;}\">\n\t\t\t\t\t\t\t<div class=\"elementor-background-overlay\"><\/div>\n\t\t\t\t\t\t\t<div class=\"elementor-container elementor-column-gap-default\">\n\t\t\t\t\t<div class=\"elementor-column elementor-col-50 elementor-top-column elementor-element elementor-element-bf7533e\" data-id=\"bf7533e\" data-element_type=\"column\" data-e-type=\"column\">\n\t\t\t<div class=\"elementor-widget-wrap elementor-element-populated\">\n\t\t\t\t\t\t<div class=\"elementor-element elementor-element-5a84a2c elementor-widget elementor-widget-heading\" data-id=\"5a84a2c\" data-element_type=\"widget\" data-e-type=\"widget\" data-widget_type=\"heading.default\">\n\t\t\t\t<div class=\"elementor-widget-container\">\n\t\t\t\t\t<h1 class=\"elementor-heading-title elementor-size-default\">Therapeut in Gestalttherapie \/ Naturheilkunde - Berater <\/h1>\t\t\t\t<\/div>\n\t\t\t\t<\/div>\n\t\t\t\t<div class=\"elementor-element elementor-element-79b8553 elementor-widget elementor-widget-heading\" data-id=\"79b8553\" data-element_type=\"widget\" data-e-type=\"widget\" data-widget_type=\"heading.default\">\n\t\t\t\t<div class=\"elementor-widget-container\">\n\t\t\t\t\t<h2 class=\"elementor-heading-title elementor-size-default\">Trainerin - Supervision<\/h2>\t\t\t\t<\/div>\n\t\t\t\t<\/div>\n\t\t\t\t<div class=\"elementor-element elementor-element-1940667 elementor-widget elementor-widget-text-editor\" data-id=\"1940667\" data-element_type=\"widget\" data-e-type=\"widget\" data-widget_type=\"text-editor.default\">\n\t\t\t\t<div class=\"elementor-widget-container\">\n\t\t\t\t\t\t\t\t\t<p>Ich begleite Menschen dabei, ihre <strong data-start=\"568\" data-end=\"605\">k\u00f6rperliche und seelische Balance<\/strong> wiederzufinden \u2013 durch individuelle Unterst\u00fctzung mit <strong data-start=\"660\" data-end=\"679\">Gestalttherapie<\/strong>, <strong data-start=\"681\" data-end=\"699\">Naturheilkunde<\/strong> oder einer Kombination aus beiden.<\/p>\t\t\t\t\t\t\t\t<\/div>\n\t\t\t\t<\/div>\n\t\t\t\t<div class=\"elementor-element elementor-element-2441348 elementor-align-left elementor-widget__width-auto elementor-widget elementor-widget-button\" data-id=\"2441348\" data-element_type=\"widget\" data-e-type=\"widget\" data-widget_type=\"button.default\">\n\t\t\t\t<div class=\"elementor-widget-container\">\n\t\t\t\t\t\t\t\t\t<div class=\"elementor-button-wrapper\">\n\t\t\t\t\t<a class=\"elementor-button elementor-button-link elementor-size-xs\" href=\"https:\/\/calendly.com\/joyce-hokayem\/15min-kostenlose-beratung\">\n\t\t\t\t\t\t<span class=\"elementor-button-content-wrapper\">\n\t\t\t\t\t\t\t\t\t<span class=\"elementor-button-text\">Jetzt beraten lassen<\/span>\n\t\t\t\t\t<\/span>\n\t\t\t\t\t<\/a>\n\t\t\t\t<\/div>\n\t\t\t\t\t\t\t\t<\/div>\n\t\t\t\t<\/div>\n\t\t\t\t<div class=\"elementor-element elementor-element-1614405 elementor-align-left elementor-widget__width-auto elementor-widget elementor-widget-button\" data-id=\"1614405\" data-element_type=\"widget\" data-e-type=\"widget\" data-widget_type=\"button.default\">\n\t\t\t\t<div class=\"elementor-widget-container\">\n\t\t\t\t\t\t\t\t\t<div class=\"elementor-button-wrapper\">\n\t\t\t\t\t<a class=\"elementor-button elementor-button-link elementor-size-xs\" href=\"https:\/\/therapeut-naturheilpraxis.de\/beratung\/\">\n\t\t\t\t\t\t<span class=\"elementor-button-content-wrapper\">\n\t\t\t\t\t\t\t\t\t<span class=\"elementor-button-text\">Leistungen<\/span>\n\t\t\t\t\t<\/span>\n\t\t\t\t\t<\/a>\n\t\t\t\t<\/div>\n\t\t\t\t\t\t\t\t<\/div>\n\t\t\t\t<\/div>\n\t\t\t\t\t<\/div>\n\t\t<\/div>\n\t\t\t\t<div class=\"elementor-column elementor-col-50 elementor-top-column elementor-element elementor-element-a2e478a\" data-id=\"a2e478a\" data-element_type=\"column\" data-e-type=\"column\">\n\t\t\t<div class=\"elementor-widget-wrap\">\n\t\t\t\t\t\t\t<\/div>\n\t\t<\/div>\n\t\t\t\t\t<\/div>\n\t\t<\/section>\n\t\t\t\t<section class=\"elementor-section elementor-top-section elementor-element elementor-element-74435c9 elementor-section-boxed elementor-section-height-default elementor-section-height-default\" data-id=\"74435c9\" data-element_type=\"section\" data-e-type=\"section\">\n\t\t\t\t\t\t<div class=\"elementor-container elementor-column-gap-default\">\n\t\t\t\t\t<div class=\"elementor-column elementor-col-100 elementor-top-column elementor-element elementor-element-0ba9fb4\" data-id=\"0ba9fb4\" data-element_type=\"column\" data-e-type=\"column\">\n\t\t\t<div class=\"elementor-widget-wrap elementor-element-populated\">\n\t\t\t\t\t\t<section class=\"elementor-section elementor-inner-section elementor-element elementor-element-9e1eb5c elementor-section-full_width elementor-section-height-default elementor-section-height-default\" data-id=\"9e1eb5c\" data-element_type=\"section\" data-e-type=\"section\">\n\t\t\t\t\t\t<div class=\"elementor-container elementor-column-gap-default\">\n\t\t\t\t\t<div class=\"elementor-column elementor-col-33 elementor-inner-column elementor-element elementor-element-c58298a\" data-id=\"c58298a\" data-element_type=\"column\" data-e-type=\"column\">\n\t\t\t<div class=\"elementor-widget-wrap elementor-element-populated\">\n\t\t\t\t\t\t<div class=\"elementor-element elementor-element-6cceeab elementor-widget elementor-widget-spacer\" data-id=\"6cceeab\" data-element_type=\"widget\" data-e-type=\"widget\" data-widget_type=\"spacer.default\">\n\t\t\t\t<div class=\"elementor-widget-container\">\n\t\t\t\t\t\t\t<div class=\"elementor-spacer\">\n\t\t\t<div class=\"elementor-spacer-inner\"><\/div>\n\t\t<\/div>\n\t\t\t\t\t\t<\/div>\n\t\t\t\t<\/div>\n\t\t\t\t<div class=\"elementor-element elementor-element-1c75206 elementor-widget elementor-widget-image-box\" data-id=\"1c75206\" data-element_type=\"widget\" data-e-type=\"widget\" data-widget_type=\"image-box.default\">\n\t\t\t\t<div class=\"elementor-widget-container\">\n\t\t\t\t\t<div class=\"elementor-image-box-wrapper\"><div class=\"elementor-image-box-content\"><h2 class=\"elementor-image-box-title\">Naturheilkunde<\/h2><p class=\"elementor-image-box-description\">Das Immunsystem ist wie eine innere Intelligenz, die uns t\u00e4glich sch\u00fctzt. Es erkennt Viren, Bakterien und entartete Zellen und hilft dem K\u00f6rper, sein Gleichgewicht zu bewahren.\nWenn diese Balance gest\u00f6rt ist \u2013 durch Stress, Infekte, emotionale Belastungen oder Ersch\u00f6pfung \u2013 kann sich das auf Gesundheit, Stimmung und Energie auswirken.<\/p><\/div><\/div>\t\t\t\t<\/div>\n\t\t\t\t<\/div>\n\t\t\t\t<div class=\"elementor-element elementor-element-35e64f5 elementor-align-left elementor-widget__width-auto elementor-widget elementor-widget-button\" data-id=\"35e64f5\" data-element_type=\"widget\" data-e-type=\"widget\" data-widget_type=\"button.default\">\n\t\t\t\t<div class=\"elementor-widget-container\">\n\t\t\t\t\t\t\t\t\t<div class=\"elementor-button-wrapper\">\n\t\t\t\t\t<a class=\"elementor-button elementor-button-link elementor-size-xs\" href=\"https:\/\/therapeut-naturheilpraxis.de\/naturheilkunde\/\">\n\t\t\t\t\t\t<span class=\"elementor-button-content-wrapper\">\n\t\t\t\t\t\t<span class=\"elementor-button-icon\">\n\t\t\t\t<i aria-hidden=\"true\" class=\"fas fa-long-arrow-alt-right\"><\/i>\t\t\t<\/span>\n\t\t\t\t\t\t\t\t\t<span class=\"elementor-button-text\">Mehr erfahren<\/span>\n\t\t\t\t\t<\/span>\n\t\t\t\t\t<\/a>\n\t\t\t\t<\/div>\n\t\t\t\t\t\t\t\t<\/div>\n\t\t\t\t<\/div>\n\t\t\t\t\t<\/div>\n\t\t<\/div>\n\t\t\t\t<div class=\"elementor-column elementor-col-33 elementor-inner-column elementor-element elementor-element-2fcccf4\" data-id=\"2fcccf4\" data-element_type=\"column\" data-e-type=\"column\">\n\t\t\t<div class=\"elementor-widget-wrap elementor-element-populated\">\n\t\t\t\t\t\t<div class=\"elementor-element elementor-element-a926342 elementor-widget elementor-widget-spacer\" data-id=\"a926342\" data-element_type=\"widget\" data-e-type=\"widget\" data-widget_type=\"spacer.default\">\n\t\t\t\t<div class=\"elementor-widget-container\">\n\t\t\t\t\t\t\t<div class=\"elementor-spacer\">\n\t\t\t<div class=\"elementor-spacer-inner\"><\/div>\n\t\t<\/div>\n\t\t\t\t\t\t<\/div>\n\t\t\t\t<\/div>\n\t\t\t\t<div class=\"elementor-element elementor-element-9e37683 elementor-widget__width-initial elementor-widget elementor-widget-image-box\" data-id=\"9e37683\" data-element_type=\"widget\" data-e-type=\"widget\" data-widget_type=\"image-box.default\">\n\t\t\t\t<div class=\"elementor-widget-container\">\n\t\t\t\t\t<div class=\"elementor-image-box-wrapper\"><div class=\"elementor-image-box-content\"><h2 class=\"elementor-image-box-title\">Gestalttherapie<\/h2><p class=\"elementor-image-box-description\">Die Gestalttherapie hilft, wieder in Kontakt mit sich selbst zu kommen \u2013 mit dem, was lebendig ist, was blockiert, und was wir wirklich brauchen.\nIm Mittelpunkt steht das, was gerade da ist: Gef\u00fchle, Gedanken, K\u00f6rpersignale. Oft wird sichtbar, was im Hintergrund geblieben ist \u2013 gepr\u00e4gt von fr\u00fcheren Erfahrungen. So entsteht Raum f\u00fcr Klarheit und neue Schritte im eigenen Tempo.<\/p><\/div><\/div>\t\t\t\t<\/div>\n\t\t\t\t<\/div>\n\t\t\t\t<div class=\"elementor-element elementor-element-f6d9f35 elementor-align-left elementor-widget__width-auto elementor-widget elementor-widget-button\" data-id=\"f6d9f35\" data-element_type=\"widget\" data-e-type=\"widget\" data-widget_type=\"button.default\">\n\t\t\t\t<div class=\"elementor-widget-container\">\n\t\t\t\t\t\t\t\t\t<div class=\"elementor-button-wrapper\">\n\t\t\t\t\t<a class=\"elementor-button elementor-button-link elementor-size-xs\" href=\"https:\/\/therapeut-naturheilpraxis.de\/gestalttherapie\/\">\n\t\t\t\t\t\t<span class=\"elementor-button-content-wrapper\">\n\t\t\t\t\t\t<span class=\"elementor-button-icon\">\n\t\t\t\t<i aria-hidden=\"true\" class=\"fas fa-long-arrow-alt-right\"><\/i>\t\t\t<\/span>\n\t\t\t\t\t\t\t\t\t<span class=\"elementor-button-text\">Mehr erfahren<\/span>\n\t\t\t\t\t<\/span>\n\t\t\t\t\t<\/a>\n\t\t\t\t<\/div>\n\t\t\t\t\t\t\t\t<\/div>\n\t\t\t\t<\/div>\n\t\t\t\t\t<\/div>\n\t\t<\/div>\n\t\t\t\t<div class=\"elementor-column elementor-col-33 elementor-inner-column elementor-element elementor-element-a8b978e\" data-id=\"a8b978e\" data-element_type=\"column\" data-e-type=\"column\">\n\t\t\t<div class=\"elementor-widget-wrap elementor-element-populated\">\n\t\t\t\t\t\t<div class=\"elementor-element elementor-element-ce923d0 elementor-widget elementor-widget-spacer\" data-id=\"ce923d0\" data-element_type=\"widget\" data-e-type=\"widget\" data-widget_type=\"spacer.default\">\n\t\t\t\t<div class=\"elementor-widget-container\">\n\t\t\t\t\t\t\t<div class=\"elementor-spacer\">\n\t\t\t<div class=\"elementor-spacer-inner\"><\/div>\n\t\t<\/div>\n\t\t\t\t\t\t<\/div>\n\t\t\t\t<\/div>\n\t\t\t\t<div class=\"elementor-element elementor-element-6d25b6e elementor-widget elementor-widget-image-box\" data-id=\"6d25b6e\" data-element_type=\"widget\" data-e-type=\"widget\" data-widget_type=\"image-box.default\">\n\t\t\t\t<div class=\"elementor-widget-container\">\n\t\t\t\t\t<div class=\"elementor-image-box-wrapper\"><div class=\"elementor-image-box-content\"><h2 class=\"elementor-image-box-title\">Beratung<\/h2><p class=\"elementor-image-box-description\">Die Sitzungen in der Naturheilkunde oder der Gestalttherapie dauern zwischen 60 und 90 Minuten.\n\nIn der Naturheilkunde ist die Erstsitzung ausf\u00fchrlicher, die folgenden Termine dauern in der Regel etwa eine Stunde.\n\nIch biete au\u00dferdem individuelle Begleitpakete \u00fcber drei Monate an \u2013 abgestimmt auf Ihre Bed\u00fcrfnisse und Ihr Anliegen.<\/p><\/div><\/div>\t\t\t\t<\/div>\n\t\t\t\t<\/div>\n\t\t\t\t<div class=\"elementor-element elementor-element-430b2fd elementor-align-left elementor-widget__width-auto elementor-widget elementor-widget-button\" data-id=\"430b2fd\" data-element_type=\"widget\" data-e-type=\"widget\" data-widget_type=\"button.default\">\n\t\t\t\t<div class=\"elementor-widget-container\">\n\t\t\t\t\t\t\t\t\t<div class=\"elementor-button-wrapper\">\n\t\t\t\t\t<a class=\"elementor-button elementor-button-link elementor-size-xs\" href=\"https:\/\/calendly.com\/joyce-hokayem\/15min-kostenlose-beratung\">\n\t\t\t\t\t\t<span class=\"elementor-button-content-wrapper\">\n\t\t\t\t\t\t<span class=\"elementor-button-icon\">\n\t\t\t\t<i aria-hidden=\"true\" class=\"fas fa-long-arrow-alt-right\"><\/i>\t\t\t<\/span>\n\t\t\t\t\t\t\t\t\t<span class=\"elementor-button-text\">Jetzt beraten lassen<\/span>\n\t\t\t\t\t<\/span>\n\t\t\t\t\t<\/a>\n\t\t\t\t<\/div>\n\t\t\t\t\t\t\t\t<\/div>\n\t\t\t\t<\/div>\n\t\t\t\t\t<\/div>\n\t\t<\/div>\n\t\t\t\t\t<\/div>\n\t\t<\/section>\n\t\t\t\t\t<\/div>\n\t\t<\/div>\n\t\t\t\t\t<\/div>\n\t\t<\/section>\n\t\t\t\t<section class=\"elementor-section elementor-top-section elementor-element elementor-element-60cd0c9 elementor-reverse-mobile elementor-section-boxed elementor-section-height-default elementor-section-height-default\" data-id=\"60cd0c9\" data-element_type=\"section\" data-e-type=\"section\" data-settings=\"{&quot;background_background&quot;:&quot;classic&quot;}\">\n\t\t\t\t\t\t<div class=\"elementor-container elementor-column-gap-default\">\n\t\t\t\t\t<div class=\"elementor-column elementor-col-50 elementor-top-column elementor-element elementor-element-e4f89a3\" data-id=\"e4f89a3\" data-element_type=\"column\" data-e-type=\"column\" data-settings=\"{&quot;background_background&quot;:&quot;classic&quot;}\">\n\t\t\t<div class=\"elementor-widget-wrap elementor-element-populated\">\n\t\t\t\t\t\t<section class=\"elementor-section elementor-inner-section elementor-element elementor-element-34e5932 elementor-section-boxed elementor-section-height-default elementor-section-height-default\" data-id=\"34e5932\" data-element_type=\"section\" data-e-type=\"section\" data-settings=\"{&quot;sticky&quot;:&quot;top&quot;,&quot;sticky_offset&quot;:100,&quot;sticky_parent&quot;:&quot;yes&quot;,&quot;sticky_on&quot;:[&quot;desktop&quot;,&quot;tablet&quot;,&quot;mobile&quot;],&quot;sticky_effects_offset&quot;:0}\">\n\t\t\t\t\t\t<div class=\"elementor-container elementor-column-gap-default\">\n\t\t\t\t\t<div class=\"elementor-column elementor-col-100 elementor-inner-column elementor-element elementor-element-49abdaf\" data-id=\"49abdaf\" data-element_type=\"column\" data-e-type=\"column\">\n\t\t\t<div class=\"elementor-widget-wrap elementor-element-populated\">\n\t\t\t\t\t\t<div class=\"elementor-element elementor-element-2a90cb5 elementor-widget elementor-widget-image\" data-id=\"2a90cb5\" data-element_type=\"widget\" data-e-type=\"widget\" data-widget_type=\"image.default\">\n\t\t\t\t<div class=\"elementor-widget-container\">\n\t\t\t\t\t\t\t\t\t\t\t\t\t\t\t<img fetchpriority=\"high\" decoding=\"async\" width=\"683\" height=\"1024\" src=\"https:\/\/therapeut-naturheilpraxis.de\/wp-content\/uploads\/2023\/06\/L1160197-800x1200-1-683x1024.jpg\" class=\"attachment-large size-large wp-image-76\" alt=\"Dr. Joyce El Hokayem\" srcset=\"https:\/\/therapeut-naturheilpraxis.de\/wp-content\/uploads\/2023\/06\/L1160197-800x1200-1-683x1024.jpg 683w, https:\/\/therapeut-naturheilpraxis.de\/wp-content\/uploads\/2023\/06\/L1160197-800x1200-1-200x300.jpg 200w, https:\/\/therapeut-naturheilpraxis.de\/wp-content\/uploads\/2023\/06\/L1160197-800x1200-1-768x1152.jpg 768w, https:\/\/therapeut-naturheilpraxis.de\/wp-content\/uploads\/2023\/06\/L1160197-800x1200-1.jpg 800w\" sizes=\"(max-width: 683px) 100vw, 683px\" \/>\t\t\t\t\t\t\t\t\t\t\t\t\t\t\t<\/div>\n\t\t\t\t<\/div>\n\t\t\t\t\t<\/div>\n\t\t<\/div>\n\t\t\t\t\t<\/div>\n\t\t<\/section>\n\t\t\t\t\t<\/div>\n\t\t<\/div>\n\t\t\t\t<div class=\"elementor-column elementor-col-50 elementor-top-column elementor-element elementor-element-cdb0d00\" data-id=\"cdb0d00\" data-element_type=\"column\" data-e-type=\"column\">\n\t\t\t<div class=\"elementor-widget-wrap elementor-element-populated\">\n\t\t\t\t\t\t<div class=\"elementor-element elementor-element-6a7c351 elementor-widget elementor-widget-heading\" data-id=\"6a7c351\" data-element_type=\"widget\" data-e-type=\"widget\" data-widget_type=\"heading.default\">\n\t\t\t\t<div class=\"elementor-widget-container\">\n\t\t\t\t\t<p class=\"elementor-heading-title elementor-size-default\">Wer bin ich?\n<\/p>\t\t\t\t<\/div>\n\t\t\t\t<\/div>\n\t\t\t\t<div class=\"elementor-element elementor-element-64ce738 elementor-widget elementor-widget-heading\" data-id=\"64ce738\" data-element_type=\"widget\" data-e-type=\"widget\" data-widget_type=\"heading.default\">\n\t\t\t\t<div class=\"elementor-widget-container\">\n\t\t\t\t\t<h2 class=\"elementor-heading-title elementor-size-default\">Dr. Joyce EL HOKAYEM<\/h2>\t\t\t\t<\/div>\n\t\t\t\t<\/div>\n\t\t\t\t<div class=\"elementor-element elementor-element-0f24a00 elementor-widget elementor-widget-text-editor\" data-id=\"0f24a00\" data-element_type=\"widget\" data-e-type=\"widget\" data-widget_type=\"text-editor.default\">\n\t\t\t\t<div class=\"elementor-widget-container\">\n\t\t\t\t\t\t\t\t\t<p><span lang=\"DE\">Ich bin Franz\u00f6sin mit libanesischen Wurzeln, bin in Abu Dhabi geboren, wo ich meine Kindheit verbrachte, und bin im Alter von 12 Jahren mit meinen Eltern in meiner Heimat, in den Libanon zur\u00fcckgekehrt. Dort lebte ich 8 Jahre und machte an der St. Josef-Universit\u00e4t in Beirut einen\u00a0<b>Bachelor-Abschluss in Lebens- und Geowissenschaften<\/b>. Im Alter von 19 Jahren beschloss ich, nach Frankreich zu ziehen, um an der Universit\u00e4t Pierre et Marie Curie (Paris VI) einen\u00a0<b>Master in Integrativer Biologie und Physiologie mit Schwerpunkt Ern\u00e4hrung<\/b> zu absolvieren. Dann setzte ich mein Studium mit einem\u00a0<b>Doktortitel in Humangenetik und Molekularbiologie<\/b>\u00a0an der Universit\u00e4t Ren\u00e9 Descartes (Paris V) fort. Ich war auf der Suche nach Gl\u00fcck und wollte ein anderes Land kennenlernen. Daher ging ich im Alter von 29 Jahren nach Deutschland, um dort zu arbeiten.<\/span><\/p>\t\t\t\t\t\t\t\t<\/div>\n\t\t\t\t<\/div>\n\t\t\t\t<div class=\"elementor-element elementor-element-54a07cf elementor-blockquote--skin-quotation elementor-blockquote--align-left elementor-blockquote--button-color-official elementor-widget elementor-widget-blockquote\" data-id=\"54a07cf\" data-element_type=\"widget\" data-e-type=\"widget\" data-widget_type=\"blockquote.default\">\n\t\t\t\t<div class=\"elementor-widget-container\">\n\t\t\t\t\t\t\t<blockquote class=\"elementor-blockquote\">\n\t\t\t<p class=\"elementor-blockquote__content\">\n\t\t\t\t\u201eEs steht mir frei zu \u00e4ndern, wie ich auf die Welt reagiere. Wenn ich also die Art und Weise \u00e4ndere, wie ich die Welt sehe, \u00e4ndere ich auch meinen genetischen Ausdruck. Wir sind nicht Opfer unsere Gene, wir sind Meister unserer Gene\u2018\u2018.\t\t\t<\/p>\n\t\t\t\t\t\t\t<div class=\"e-q-footer\">\n\t\t\t\t\t\t\t\t\t\t\t<cite class=\"elementor-blockquote__author\">Dr. Bruce Lipton <\/cite>\n\t\t\t\t\t\t\t\t\t\t\t\t\t\t<\/div>\n\t\t\t\t\t<\/blockquote>\n\t\t\t\t\t\t<\/div>\n\t\t\t\t<\/div>\n\t\t\t\t<div class=\"elementor-element elementor-element-7c7f8a2 elementor-align-left elementor-widget__width-auto elementor-widget elementor-widget-button\" data-id=\"7c7f8a2\" data-element_type=\"widget\" data-e-type=\"widget\" data-widget_type=\"button.default\">\n\t\t\t\t<div class=\"elementor-widget-container\">\n\t\t\t\t\t\t\t\t\t<div class=\"elementor-button-wrapper\">\n\t\t\t\t\t<a class=\"elementor-button elementor-button-link elementor-size-xs\" href=\"https:\/\/therapeut-naturheilpraxis.de\/lebenslauf\/\">\n\t\t\t\t\t\t<span class=\"elementor-button-content-wrapper\">\n\t\t\t\t\t\t<span class=\"elementor-button-icon\">\n\t\t\t\t<i aria-hidden=\"true\" class=\"fas fa-long-arrow-alt-right\"><\/i>\t\t\t<\/span>\n\t\t\t\t\t\t\t\t\t<span class=\"elementor-button-text\">weiterlesen<\/span>\n\t\t\t\t\t<\/span>\n\t\t\t\t\t<\/a>\n\t\t\t\t<\/div>\n\t\t\t\t\t\t\t\t<\/div>\n\t\t\t\t<\/div>\n\t\t\t\t\t<\/div>\n\t\t<\/div>\n\t\t\t\t\t<\/div>\n\t\t<\/section>\n\t\t\t\t<section class=\"elementor-section elementor-top-section elementor-element elementor-element-355a0a4 elementor-section-boxed elementor-section-height-default elementor-section-height-default\" data-id=\"355a0a4\" data-element_type=\"section\" data-e-type=\"section\" data-settings=\"{&quot;background_background&quot;:&quot;classic&quot;}\">\n\t\t\t\t\t\t<div class=\"elementor-container elementor-column-gap-default\">\n\t\t\t\t\t<div class=\"elementor-column elementor-col-100 elementor-top-column elementor-element elementor-element-fce29e9\" data-id=\"fce29e9\" data-element_type=\"column\" data-e-type=\"column\" data-settings=\"{&quot;background_background&quot;:&quot;classic&quot;}\">\n\t\t\t<div class=\"elementor-widget-wrap elementor-element-populated\">\n\t\t\t\t\t\t<div class=\"elementor-element elementor-element-870e9c9 elementor-widget elementor-widget-heading\" data-id=\"870e9c9\" data-element_type=\"widget\" data-e-type=\"widget\" data-widget_type=\"heading.default\">\n\t\t\t\t<div class=\"elementor-widget-container\">\n\t\t\t\t\t<h2 class=\"elementor-heading-title elementor-size-default\">Mein Ansatz zur Selbstfindung<\/h2>\t\t\t\t<\/div>\n\t\t\t\t<\/div>\n\t\t\t\t<div class=\"elementor-element elementor-element-4b4ccc6 elementor-widget elementor-widget-text-editor\" data-id=\"4b4ccc6\" data-element_type=\"widget\" data-e-type=\"widget\" data-widget_type=\"text-editor.default\">\n\t\t\t\t<div class=\"elementor-widget-container\">\n\t\t\t\t\t\t\t\t\t<p>Mein Ansatz besteht darin, Menschen dabei zu begleiten, ihre k\u00f6rperliche und seelische Gesundheit wiederzuerlangen, entweder mithilfe der\u00a0<strong>Gestalttherapie und\/oder der Naturheilkunde.<\/strong><\/p><p><strong>Um andere zu begleiten, muss man zun\u00e4chst sich selbst begleiten und ausreichend mit sich selbst verbunden sein.<\/strong><\/p><p>Meine pers\u00f6nliche Entwicklung hat es mir erm\u00f6glicht, eine tiefere Verbindung zu mir selbst herzustellen und von innen heraus besser zu verstehen, wie wir aufgebaut sind und wie wir uns innerlich ver\u00e4ndern k\u00f6nnen.<\/p>\t\t\t\t\t\t\t\t<\/div>\n\t\t\t\t<\/div>\n\t\t\t\t\t<\/div>\n\t\t<\/div>\n\t\t\t\t\t<\/div>\n\t\t<\/section>\n\t\t\t\t<section class=\"elementor-section elementor-top-section elementor-element elementor-element-edec74f elementor-section-boxed elementor-section-height-default elementor-section-height-default\" data-id=\"edec74f\" data-element_type=\"section\" data-e-type=\"section\">\n\t\t\t\t\t\t<div class=\"elementor-container elementor-column-gap-default\">\n\t\t\t\t\t<div class=\"elementor-column elementor-col-50 elementor-top-column elementor-element elementor-element-2bbf1ee\" data-id=\"2bbf1ee\" data-element_type=\"column\" data-e-type=\"column\">\n\t\t\t<div class=\"elementor-widget-wrap elementor-element-populated\">\n\t\t\t\t\t\t<div class=\"elementor-element elementor-element-1dae07b elementor-widget elementor-widget-heading\" data-id=\"1dae07b\" data-element_type=\"widget\" data-e-type=\"widget\" data-widget_type=\"heading.default\">\n\t\t\t\t<div class=\"elementor-widget-container\">\n\t\t\t\t\t<p class=\"elementor-heading-title elementor-size-default\">Beratung<\/p>\t\t\t\t<\/div>\n\t\t\t\t<\/div>\n\t\t\t\t<div class=\"elementor-element elementor-element-97e62f4 elementor-widget elementor-widget-heading\" data-id=\"97e62f4\" data-element_type=\"widget\" data-e-type=\"widget\" data-widget_type=\"heading.default\">\n\t\t\t\t<div class=\"elementor-widget-container\">\n\t\t\t\t\t<h2 class=\"elementor-heading-title elementor-size-default\">Ablauf der Sitzungen in der Naturheilkunde:\n<\/h2>\t\t\t\t<\/div>\n\t\t\t\t<\/div>\n\t\t\t\t<div class=\"elementor-element elementor-element-f7faf6f elementor-widget elementor-widget-text-editor\" data-id=\"f7faf6f\" data-element_type=\"widget\" data-e-type=\"widget\" data-widget_type=\"text-editor.default\">\n\t\t\t\t<div class=\"elementor-widget-container\">\n\t\t\t\t\t\t\t\t\t<div class=\"jss10278\"><div class=\"jss10279\"><section class=\"jss10281\"><div class=\"flex w-full flex-col gap-y-4 text-base jss10286\"><p data-start=\"184\" data-end=\"272\"><strong data-start=\"184\" data-end=\"214\">Ablauf eines Begleitpakets<\/strong> <em data-start=\"215\" data-end=\"272\">(3\u20136 Monate oder l\u00e4nger \u2013 je nach individuellem Bedarf)<\/em><\/p><ul data-start=\"274\" data-end=\"680\"><li data-start=\"274\" data-end=\"363\"><p data-start=\"276\" data-end=\"363\"><strong data-start=\"276\" data-end=\"332\">Erstes Kennenlernen mit umfassendem Gesundheitscheck<\/strong><br data-start=\"332\" data-end=\"335\" \/>Dauer: ca. <strong data-start=\"348\" data-end=\"363\">1,5 Stunden<\/strong><\/p><\/li><li data-start=\"365\" data-end=\"521\"><p data-start=\"367\" data-end=\"521\"><strong data-start=\"367\" data-end=\"407\">Zweite Sitzung nach etwa einem Monat<\/strong><br data-start=\"407\" data-end=\"410\" \/>Ziel: <strong data-start=\"418\" data-end=\"459\">\u00dcberpr\u00fcfung der aktuellen Bed\u00fcrfnisse<\/strong> und ggf. <strong data-start=\"469\" data-end=\"497\">Anpassung der Begleitung<\/strong><br data-start=\"497\" data-end=\"500\" \/>Dauer: <strong data-start=\"509\" data-end=\"521\" data-is-only-node=\"\">verk\u00fcrzt<\/strong><\/p><\/li><li data-start=\"523\" data-end=\"680\"><p data-start=\"525\" data-end=\"680\"><strong data-start=\"525\" data-end=\"558\">Weitere Sitzungen nach Bedarf<\/strong><br data-start=\"558\" data-end=\"561\" \/>Dauer: <strong data-start=\"570\" data-end=\"600\">15 Minuten bis zu 1 Stunde<\/strong><br data-start=\"600\" data-end=\"603\" \/>Durchf\u00fchrung <strong data-start=\"618\" data-end=\"633\">telefonisch<\/strong>, <strong data-start=\"635\" data-end=\"657\" data-is-only-node=\"\">per Videokonferenz<\/strong> oder <strong data-start=\"663\" data-end=\"680\">in der Praxis<\/strong><\/p><\/li><\/ul><\/div><\/section><\/div><\/div>\t\t\t\t\t\t\t\t<\/div>\n\t\t\t\t<\/div>\n\t\t\t\t<div class=\"elementor-element elementor-element-a593238 elementor-widget elementor-widget-heading\" data-id=\"a593238\" data-element_type=\"widget\" data-e-type=\"widget\" data-widget_type=\"heading.default\">\n\t\t\t\t<div class=\"elementor-widget-container\">\n\t\t\t\t\t<h3 class=\"elementor-heading-title elementor-size-default\">Ablauf der Sitzungen in der Gestalttherapie:\n<\/h3>\t\t\t\t<\/div>\n\t\t\t\t<\/div>\n\t\t\t\t<div class=\"elementor-element elementor-element-6773d26 elementor-widget elementor-widget-text-editor\" data-id=\"6773d26\" data-element_type=\"widget\" data-e-type=\"widget\" data-widget_type=\"text-editor.default\">\n\t\t\t\t<div class=\"elementor-widget-container\">\n\t\t\t\t\t\t\t\t\t<div class=\"vce-text-block\"><div id=\"el-e910930b\" class=\"vce-text-block-wrapper vce\" data-vce-do-apply=\"all el-e910930b\"><p>Die Sitzungen dauern je nach Anliegen <strong data-start=\"225\" data-end=\"247\">60 oder 90 Minuten<\/strong>. Wir arbeiten gemeinsam an dem, was Sie innerlich bewegt. Die Termine k\u00f6nnen <strong data-start=\"325\" data-end=\"345\">in meiner Praxis<\/strong> oder <strong data-start=\"351\" data-end=\"380\">online per Videokonferenz<\/strong> stattfinden \u2013 so, wie es f\u00fcr Sie am besten passt.<\/p><\/div><\/div>\t\t\t\t\t\t\t\t<\/div>\n\t\t\t\t<\/div>\n\t\t\t\t<div class=\"elementor-element elementor-element-ff7ac65 elementor-align-left elementor-widget__width-auto elementor-widget elementor-widget-button\" data-id=\"ff7ac65\" data-element_type=\"widget\" data-e-type=\"widget\" data-widget_type=\"button.default\">\n\t\t\t\t<div class=\"elementor-widget-container\">\n\t\t\t\t\t\t\t\t\t<div class=\"elementor-button-wrapper\">\n\t\t\t\t\t<a class=\"elementor-button elementor-button-link elementor-size-xs\" href=\"https:\/\/calendly.com\/joyce-hokayem\/15min-kostenlose-beratung\">\n\t\t\t\t\t\t<span class=\"elementor-button-content-wrapper\">\n\t\t\t\t\t\t<span class=\"elementor-button-icon\">\n\t\t\t\t<i aria-hidden=\"true\" class=\"fas fa-long-arrow-alt-right\"><\/i>\t\t\t<\/span>\n\t\t\t\t\t\t\t\t\t<span class=\"elementor-button-text\">Jetzt beraten lassen<\/span>\n\t\t\t\t\t<\/span>\n\t\t\t\t\t<\/a>\n\t\t\t\t<\/div>\n\t\t\t\t\t\t\t\t<\/div>\n\t\t\t\t<\/div>\n\t\t\t\t\t<\/div>\n\t\t<\/div>\n\t\t\t\t<div class=\"elementor-column elementor-col-50 elementor-top-column elementor-element elementor-element-b4162ce\" data-id=\"b4162ce\" data-element_type=\"column\" data-e-type=\"column\" data-settings=\"{&quot;background_background&quot;:&quot;classic&quot;}\">\n\t\t\t<div class=\"elementor-widget-wrap elementor-element-populated\">\n\t\t\t\t\t\t<div class=\"elementor-element elementor-element-a21786e elementor-widget elementor-widget-spacer\" data-id=\"a21786e\" data-element_type=\"widget\" data-e-type=\"widget\" data-widget_type=\"spacer.default\">\n\t\t\t\t<div class=\"elementor-widget-container\">\n\t\t\t\t\t\t\t<div class=\"elementor-spacer\">\n\t\t\t<div class=\"elementor-spacer-inner\"><\/div>\n\t\t<\/div>\n\t\t\t\t\t\t<\/div>\n\t\t\t\t<\/div>\n\t\t\t\t<section class=\"elementor-section elementor-inner-section elementor-element elementor-element-cfd475b elementor-section-boxed elementor-section-height-default elementor-section-height-default\" data-id=\"cfd475b\" data-element_type=\"section\" data-e-type=\"section\">\n\t\t\t\t\t\t<div class=\"elementor-container elementor-column-gap-default\">\n\t\t\t\t\t<div class=\"elementor-column elementor-col-100 elementor-inner-column elementor-element elementor-element-2b5dee8\" data-id=\"2b5dee8\" data-element_type=\"column\" data-e-type=\"column\" data-settings=\"{&quot;background_background&quot;:&quot;classic&quot;}\">\n\t\t\t<div class=\"elementor-widget-wrap elementor-element-populated\">\n\t\t\t\t\t\t<div class=\"elementor-element elementor-element-6fce771 elementor-widget elementor-widget-heading\" data-id=\"6fce771\" data-element_type=\"widget\" data-e-type=\"widget\" data-widget_type=\"heading.default\">\n\t\t\t\t<div class=\"elementor-widget-container\">\n\t\t\t\t\t<h2 class=\"elementor-heading-title elementor-size-default\">Videokonferenz oder in der Praxis\nin Beindersheim<\/h2>\t\t\t\t<\/div>\n\t\t\t\t<\/div>\n\t\t\t\t<div class=\"elementor-element elementor-element-56b8322 elementor-widget elementor-widget-text-editor\" data-id=\"56b8322\" data-element_type=\"widget\" data-e-type=\"widget\" data-widget_type=\"text-editor.default\">\n\t\t\t\t<div class=\"elementor-widget-container\">\n\t\t\t\t\t\t\t\t\t<p>Die Videokonferenzen werden \u00fcber Whereby oder nach Ihren W\u00fcnschen abgehalten.<\/p>\t\t\t\t\t\t\t\t<\/div>\n\t\t\t\t<\/div>\n\t\t\t\t\t<\/div>\n\t\t<\/div>\n\t\t\t\t\t<\/div>\n\t\t<\/section>\n\t\t\t\t\t<\/div>\n\t\t<\/div>\n\t\t\t\t\t<\/div>\n\t\t<\/section>\n\t\t\t\t<section class=\"elementor-section elementor-top-section elementor-element elementor-element-9a66842 elementor-section-boxed elementor-section-height-default elementor-section-height-default\" data-id=\"9a66842\" data-element_type=\"section\" data-e-type=\"section\" data-settings=\"{&quot;background_background&quot;:&quot;classic&quot;}\">\n\t\t\t\t\t\t\t<div class=\"elementor-background-overlay\"><\/div>\n\t\t\t\t\t\t\t<div class=\"elementor-container elementor-column-gap-default\">\n\t\t\t\t\t<div class=\"elementor-column elementor-col-100 elementor-top-column elementor-element elementor-element-e668388\" data-id=\"e668388\" data-element_type=\"column\" data-e-type=\"column\">\n\t\t\t<div class=\"elementor-widget-wrap elementor-element-populated\">\n\t\t\t\t\t\t<section class=\"elementor-section elementor-inner-section elementor-element elementor-element-051996f elementor-section-full_width elementor-section-height-default elementor-section-height-default\" data-id=\"051996f\" data-element_type=\"section\" data-e-type=\"section\">\n\t\t\t\t\t\t<div class=\"elementor-container elementor-column-gap-default\">\n\t\t\t\t\t<div class=\"elementor-column elementor-col-50 elementor-inner-column elementor-element elementor-element-d151c46\" data-id=\"d151c46\" data-element_type=\"column\" data-e-type=\"column\" data-settings=\"{&quot;background_background&quot;:&quot;classic&quot;}\">\n\t\t\t<div class=\"elementor-widget-wrap elementor-element-populated\">\n\t\t\t\t\t\t<div class=\"elementor-element elementor-element-f683ae4 elementor-widget elementor-widget-heading\" data-id=\"f683ae4\" data-element_type=\"widget\" data-e-type=\"widget\" data-widget_type=\"heading.default\">\n\t\t\t\t<div class=\"elementor-widget-container\">\n\t\t\t\t\t<h4 class=\"elementor-heading-title elementor-size-default\">Kontakt<\/h4>\t\t\t\t<\/div>\n\t\t\t\t<\/div>\n\t\t\t\t<div class=\"elementor-element elementor-element-2342fc0 elementor-icon-list--layout-inline elementor-align-start elementor-list-item-link-full_width elementor-widget elementor-widget-icon-list\" data-id=\"2342fc0\" data-element_type=\"widget\" data-e-type=\"widget\" data-widget_type=\"icon-list.default\">\n\t\t\t\t<div class=\"elementor-widget-container\">\n\t\t\t\t\t\t\t<ul class=\"elementor-icon-list-items elementor-inline-items\">\n\t\t\t\t\t\t\t<li class=\"elementor-icon-list-item elementor-inline-item\">\n\t\t\t\t\t\t\t\t\t\t\t<a href=\"tel:015175975749\">\n\n\t\t\t\t\t\t\t\t\t\t\t\t<span class=\"elementor-icon-list-icon\">\n\t\t\t\t\t\t\t<i aria-hidden=\"true\" class=\"icon icon-phone1\"><\/i>\t\t\t\t\t\t<\/span>\n\t\t\t\t\t\t\t\t\t\t<span class=\"elementor-icon-list-text\">+49 151 75975749<\/span>\n\t\t\t\t\t\t\t\t\t\t\t<\/a>\n\t\t\t\t\t\t\t\t\t<\/li>\n\t\t\t\t\t\t\t\t<li class=\"elementor-icon-list-item elementor-inline-item\">\n\t\t\t\t\t\t\t\t\t\t\t<a href=\"mailto:info@therapeut-naturheilpraxis.de\">\n\n\t\t\t\t\t\t\t\t\t\t\t\t<span class=\"elementor-icon-list-icon\">\n\t\t\t\t\t\t\t<i aria-hidden=\"true\" class=\"icon icon-envelope2\"><\/i>\t\t\t\t\t\t<\/span>\n\t\t\t\t\t\t\t\t\t\t<span class=\"elementor-icon-list-text\">info@therapeut-naturheilpraxis.de<\/span>\n\t\t\t\t\t\t\t\t\t\t\t<\/a>\n\t\t\t\t\t\t\t\t\t<\/li>\n\t\t\t\t\t\t<\/ul>\n\t\t\t\t\t\t<\/div>\n\t\t\t\t<\/div>\n\t\t\t\t<div class=\"elementor-element elementor-element-479a9d2 elementor-widget elementor-widget-text-editor\" data-id=\"479a9d2\" data-element_type=\"widget\" data-e-type=\"widget\" data-widget_type=\"text-editor.default\">\n\t\t\t\t<div class=\"elementor-widget-container\">\n\t\t\t\t\t\t\t\t\t<p><strong><span lang=\"DE\">F\u00fcr Jugendliche unter 26 Jahren erhalten Sie einen erm\u00e4\u00dfigten Tarif.<br \/><\/span><\/strong><span lang=\"DE\">Z\u00f6gern Sie nicht, mir Ihr Anliegen in der Betreffzeile der E-Mail anzugeben. Ich werde Ihnen innerhalb von 24 bis 48 Stunden antworten.<\/span><\/p><p><strong><span lang=\"DE\">Wenn Sie eine Sitzung absagen m\u00f6chten, m\u00fcssen Sie dies 48 Stunden im Voraus tun, sonst ist Ihre Sitzung kostenpflichtig. Vielen Dank f\u00fcr Ihr Verst\u00e4ndnis.<\/span><\/strong><\/p>\t\t\t\t\t\t\t\t<\/div>\n\t\t\t\t<\/div>\n\t\t\t\t\t<\/div>\n\t\t<\/div>\n\t\t\t\t<div class=\"elementor-column elementor-col-50 elementor-inner-column elementor-element elementor-element-2b85b49\" data-id=\"2b85b49\" data-element_type=\"column\" data-e-type=\"column\" data-settings=\"{&quot;background_background&quot;:&quot;classic&quot;}\">\n\t\t\t<div class=\"elementor-widget-wrap elementor-element-populated\">\n\t\t\t\t\t\t<div class=\"elementor-element elementor-element-b7eac2c elementor-widget elementor-widget-heading\" data-id=\"b7eac2c\" data-element_type=\"widget\" data-e-type=\"widget\" data-widget_type=\"heading.default\">\n\t\t\t\t<div class=\"elementor-widget-container\">\n\t\t\t\t\t<h2 class=\"elementor-heading-title elementor-size-default\">*Pflichtfelder<\/h2>\t\t\t\t<\/div>\n\t\t\t\t<\/div>\n\t\t\t\t<div class=\"elementor-element elementor-element-8de7327 elementor-button-align-stretch elementor-widget elementor-widget-form\" data-id=\"8de7327\" data-element_type=\"widget\" data-e-type=\"widget\" data-settings=\"{&quot;step_next_label&quot;:&quot;N\\u00e4chster&quot;,&quot;step_previous_label&quot;:&quot;Voriger&quot;,&quot;button_width&quot;:&quot;100&quot;,&quot;step_type&quot;:&quot;number_text&quot;,&quot;step_icon_shape&quot;:&quot;circle&quot;}\" data-widget_type=\"form.default\">\n\t\t\t\t<div class=\"elementor-widget-container\">\n\t\t\t\t\t\t\t<form class=\"elementor-form\" method=\"post\" name=\"Neues Formular\">\n\t\t\t<input type=\"hidden\" name=\"post_id\" value=\"211\"\/>\n\t\t\t<input type=\"hidden\" name=\"form_id\" value=\"8de7327\"\/>\n\t\t\t<input type=\"hidden\" name=\"referer_title\" value=\"Therapeut in Gestalttherapie \/ Naturheilkunde-Berater\" \/>\n\n\t\t\t\t\t\t\t<input type=\"hidden\" name=\"queried_id\" value=\"211\"\/>\n\t\t\t\n\t\t\t<div class=\"elementor-form-fields-wrapper elementor-labels-\">\n\t\t\t\t\t\t\t\t<div class=\"elementor-field-type-text elementor-field-group elementor-column elementor-field-group-name elementor-col-50 elementor-field-required\">\n\t\t\t\t\t\t\t\t\t\t\t\t<label for=\"form-field-name\" class=\"elementor-field-label elementor-screen-only\">\n\t\t\t\t\t\t\t\tVorname*\t\t\t\t\t\t\t<\/label>\n\t\t\t\t\t\t\t\t\t\t\t\t\t\t<input size=\"1\" type=\"text\" name=\"form_fields[name]\" id=\"form-field-name\" class=\"elementor-field elementor-size-sm  elementor-field-textual\" placeholder=\"Vorname*\" required=\"required\" aria-required=\"true\">\n\t\t\t\t\t\t\t\t\t\t\t<\/div>\n\t\t\t\t\t\t\t\t<div class=\"elementor-field-type-text elementor-field-group elementor-column elementor-field-group-field_c8fd697 elementor-col-50 elementor-field-required\">\n\t\t\t\t\t\t\t\t\t\t\t\t<label for=\"form-field-field_c8fd697\" class=\"elementor-field-label elementor-screen-only\">\n\t\t\t\t\t\t\t\tName*\t\t\t\t\t\t\t<\/label>\n\t\t\t\t\t\t\t\t\t\t\t\t\t\t<input size=\"1\" type=\"text\" name=\"form_fields[field_c8fd697]\" id=\"form-field-field_c8fd697\" class=\"elementor-field elementor-size-sm  elementor-field-textual\" placeholder=\"Name*\" required=\"required\" aria-required=\"true\">\n\t\t\t\t\t\t\t\t\t\t\t<\/div>\n\t\t\t\t\t\t\t\t<div class=\"elementor-field-type-email elementor-field-group elementor-column elementor-field-group-email elementor-col-50 elementor-field-required\">\n\t\t\t\t\t\t\t\t\t\t\t\t<label for=\"form-field-email\" class=\"elementor-field-label elementor-screen-only\">\n\t\t\t\t\t\t\t\tE-Mail\t\t\t\t\t\t\t<\/label>\n\t\t\t\t\t\t\t\t\t\t\t\t\t\t<input size=\"1\" type=\"email\" name=\"form_fields[email]\" id=\"form-field-email\" class=\"elementor-field elementor-size-sm  elementor-field-textual\" placeholder=\"E-Mail\" required=\"required\" aria-required=\"true\">\n\t\t\t\t\t\t\t\t\t\t\t<\/div>\n\t\t\t\t\t\t\t\t<div class=\"elementor-field-type-tel elementor-field-group elementor-column elementor-field-group-field_765c97a elementor-col-50\">\n\t\t\t\t\t\t\t\t\t\t\t\t<label for=\"form-field-field_765c97a\" class=\"elementor-field-label elementor-screen-only\">\n\t\t\t\t\t\t\t\tTelefon\t\t\t\t\t\t\t<\/label>\n\t\t\t\t\t\t\t\t<input size=\"1\" type=\"tel\" name=\"form_fields[field_765c97a]\" id=\"form-field-field_765c97a\" class=\"elementor-field elementor-size-sm  elementor-field-textual\" placeholder=\"Telefon\" pattern=\"[0-9()#&amp;+*-=.]+\" title=\"Nur Nummern oder Telefon-Zeichen (#, -, *, etc) werden akzeptiert.\">\n\n\t\t\t\t\t\t<\/div>\n\t\t\t\t\t\t\t\t<div class=\"elementor-field-type-select elementor-field-group elementor-column elementor-field-group-field_9b1ff6e elementor-col-100\">\n\t\t\t\t\t\t\t\t\t\t\t\t<label for=\"form-field-field_9b1ff6e\" class=\"elementor-field-label elementor-screen-only\">\n\t\t\t\t\t\t\t\tIhre Bed\u00fcrfnisse?\t\t\t\t\t\t\t<\/label>\n\t\t\t\t\t\t\t\t<div class=\"elementor-field elementor-select-wrapper remove-before \">\n\t\t\t<div class=\"select-caret-down-wrapper\">\n\t\t\t\t<i aria-hidden=\"true\" class=\"eicon-caret-down\"><\/i>\t\t\t<\/div>\n\t\t\t<select name=\"form_fields[field_9b1ff6e]\" id=\"form-field-field_9b1ff6e\" class=\"elementor-field-textual elementor-size-sm\">\n\t\t\t\t\t\t\t\t\t<option value=\"Eine naturheilkundliche Beratung\">Eine naturheilkundliche Beratung<\/option>\n\t\t\t\t\t\t\t\t\t<option value=\"Eine Einzeltherapie\">Eine Einzeltherapie<\/option>\n\t\t\t\t\t\t\t\t\t<option value=\"Eine Paartherapie\">Eine Paartherapie<\/option>\n\t\t\t\t\t\t\t\t\t<option value=\"Eine spezifische Frage\">Eine spezifische Frage<\/option>\n\t\t\t\t\t\t\t\t\t<option value=\"Geschenkgutschein: Eine Sitzung zur Entdeckung der Naturheilkunde\">Geschenkgutschein: Eine Sitzung zur Entdeckung der Naturheilkunde<\/option>\n\t\t\t\t\t\t\t\t\t<option value=\"Geschenkgutschein: Eine Sitzung f\u00fcr Paare\">Geschenkgutschein: Eine Sitzung f\u00fcr Paare<\/option>\n\t\t\t\t\t\t\t<\/select>\n\t\t<\/div>\n\t\t\t\t\t\t<\/div>\n\t\t\t\t\t\t\t\t<div class=\"elementor-field-type-textarea elementor-field-group elementor-column elementor-field-group-message elementor-col-100 elementor-field-required\">\n\t\t\t\t\t\t\t\t\t\t\t\t<label for=\"form-field-message\" class=\"elementor-field-label elementor-screen-only\">\n\t\t\t\t\t\t\t\tIhre Frage*\t\t\t\t\t\t\t<\/label>\n\t\t\t\t\t\t<textarea class=\"elementor-field-textual elementor-field  elementor-size-sm\" name=\"form_fields[message]\" id=\"form-field-message\" rows=\"4\" placeholder=\"Ihre Frage*\" required=\"required\" aria-required=\"true\"><\/textarea>\t\t\t\t<\/div>\n\t\t\t\t\t\t\t\t<div class=\"elementor-field-type-acceptance elementor-field-group elementor-column elementor-field-group-field_ba91eda elementor-col-100 elementor-field-required\">\n\t\t\t\t\t\t\t\t\t\t\t\t<label for=\"form-field-field_ba91eda\" class=\"elementor-field-label elementor-screen-only\">\n\t\t\t\t\t\t\t\tDatenschutz\t\t\t\t\t\t\t<\/label>\n\t\t\t\t\t\t\t\t<div class=\"elementor-field-subgroup\">\n\t\t\t<span class=\"elementor-field-option\">\n\t\t\t\t<input type=\"checkbox\" name=\"form_fields[field_ba91eda]\" id=\"form-field-field_ba91eda\" class=\"elementor-field elementor-size-sm  elementor-acceptance-field\" required=\"required\" aria-required=\"true\">\n\t\t\t\t<label for=\"form-field-field_ba91eda\"><b>*Datenschutz-Hinweis<\/b><br>\nIch bin mit der Verarbeitung meiner personenbezogenen Daten einverstanden und damit, dass mich molekulare Naturtherapie-Praxis per E-Mail und auch per Telefon kontaktieren darf. Mehr Informationen zu der Verwendung personenbezogener Daten erhalten Sie in unserer <a href=\"https:\/\/therapeut-naturheilpraxis.de\/datenschutz\/\">Datenschutzerkl\u00e4rung<\/a>.\n<\/label>\t\t\t<\/span>\n\t\t<\/div>\n\t\t\t\t\t\t<\/div>\n\t\t\t\t\t\t\t\t<div class=\"elementor-field-group elementor-column elementor-field-type-submit elementor-col-100 e-form__buttons\">\n\t\t\t\t\t<button class=\"elementor-button elementor-size-sm\" type=\"submit\">\n\t\t\t\t\t\t<span class=\"elementor-button-content-wrapper\">\n\t\t\t\t\t\t\t\t\t\t\t\t\t\t\t\t\t\t\t\t\t\t<span class=\"elementor-button-text\">Senden<\/span>\n\t\t\t\t\t\t\t\t\t\t\t\t\t<\/span>\n\t\t\t\t\t<\/button>\n\t\t\t\t<\/div>\n\t\t\t<\/div>\n\t\t<\/form>\n\t\t\t\t\t\t<\/div>\n\t\t\t\t<\/div>\n\t\t\t\t\t<\/div>\n\t\t<\/div>\n\t\t\t\t\t<\/div>\n\t\t<\/section>\n\t\t\t\t\t<\/div>\n\t\t<\/div>\n\t\t\t\t\t<\/div>\n\t\t<\/section>\n\t\t\t\t<\/div>\n\t\t","protected":false},"excerpt":{"rendered":"<p>Therapeut in Gestalttherapie \/ Naturheilkunde &#8211; Berater Trainerin &#8211; Supervision Ich begleite Menschen dabei, ihre k\u00f6rperliche und seelische Balance wiederzufinden \u2013 durch individuelle Unterst\u00fctzung mit Gestalttherapie, Naturheilkunde oder einer Kombination aus beiden. Jetzt beraten lassen Leistungen Naturheilkunde Das Immunsystem ist wie eine innere Intelligenz, die uns t\u00e4glich sch\u00fctzt. Es erkennt Viren, Bakterien und entartete Zellen [&hellip;]<\/p>\n","protected":false},"author":1,"featured_media":0,"parent":0,"menu_order":0,"comment_status":"closed","ping_status":"closed","template":"elementor_header_footer","meta":{"footnotes":""},"class_list":["post-211","page","type-page","status-publish","hentry","entry"],"yoast_head":"<!-- This site is optimized with the Yoast SEO plugin v27.5 - https:\/\/yoast.com\/product\/yoast-seo-wordpress\/ -->\n<title>Therapeut in Gestalttherapie \/ Naturheilkunde-Berater<\/title>\n<meta name=\"description\" content=\"Mein Ansatz besteht darin, Menschen dabei zu begleiten, ihre k\u00f6rperliche und seelische Gesundheit wiederzuerlangen.\" \/>\n<meta name=\"robots\" content=\"index, follow, max-snippet:-1, max-image-preview:large, max-video-preview:-1\" \/>\n<link rel=\"canonical\" href=\"https:\/\/therapeut-naturheilpraxis.de\/en\/\" \/>\n<meta property=\"og:locale\" content=\"en_GB\" \/>\n<meta property=\"og:type\" content=\"article\" \/>\n<meta property=\"og:title\" content=\"Therapeut in Gestalttherapie \/ Naturheilkunde-Berater\" \/>\n<meta property=\"og:description\" content=\"Mein Ansatz besteht darin, Menschen dabei zu begleiten, ihre k\u00f6rperliche und seelische Gesundheit wiederzuerlangen.\" \/>\n<meta property=\"og:url\" content=\"https:\/\/therapeut-naturheilpraxis.de\/en\/\" \/>\n<meta property=\"og:site_name\" content=\"Molekulare Naturtherapie Praxis\" \/>\n<meta property=\"article:modified_time\" content=\"2025-08-29T14:53:01+00:00\" \/>\n<meta property=\"og:image\" content=\"https:\/\/therapeut-naturheilpraxis.de\/wp-content\/uploads\/2023\/06\/L1160197-800x1200-1.jpg\" \/>\n\t<meta property=\"og:image:width\" content=\"800\" \/>\n\t<meta property=\"og:image:height\" content=\"1200\" \/>\n\t<meta property=\"og:image:type\" content=\"image\/jpeg\" \/>\n<meta name=\"twitter:card\" content=\"summary_large_image\" \/>\n<meta name=\"twitter:label1\" content=\"Estimated reading time\" \/>\n\t<meta name=\"twitter:data1\" content=\"4 minutes\" \/>\n<script type=\"application\/ld+json\" class=\"yoast-schema-graph\">{\"@context\":\"https:\\\/\\\/schema.org\",\"@graph\":[{\"@type\":\"WebPage\",\"@id\":\"https:\\\/\\\/therapeut-naturheilpraxis.de\\\/\",\"url\":\"https:\\\/\\\/therapeut-naturheilpraxis.de\\\/\",\"name\":\"Therapeut in Gestalttherapie \\\/ Naturheilkunde-Berater\",\"isPartOf\":{\"@id\":\"https:\\\/\\\/therapeut-naturheilpraxis.de\\\/#website\"},\"primaryImageOfPage\":{\"@id\":\"https:\\\/\\\/therapeut-naturheilpraxis.de\\\/#primaryimage\"},\"image\":{\"@id\":\"https:\\\/\\\/therapeut-naturheilpraxis.de\\\/#primaryimage\"},\"thumbnailUrl\":\"https:\\\/\\\/therapeut-naturheilpraxis.de\\\/wp-content\\\/uploads\\\/2023\\\/06\\\/L1160197-800x1200-1-683x1024.jpg\",\"datePublished\":\"2023-06-05T06:59:02+00:00\",\"dateModified\":\"2025-08-29T14:53:01+00:00\",\"description\":\"Mein Ansatz besteht darin, Menschen dabei zu begleiten, ihre k\u00f6rperliche und seelische Gesundheit wiederzuerlangen.\",\"breadcrumb\":{\"@id\":\"https:\\\/\\\/therapeut-naturheilpraxis.de\\\/#breadcrumb\"},\"inLanguage\":\"en-GB\",\"potentialAction\":[{\"@type\":\"ReadAction\",\"target\":[\"https:\\\/\\\/therapeut-naturheilpraxis.de\\\/\"]}]},{\"@type\":\"ImageObject\",\"inLanguage\":\"en-GB\",\"@id\":\"https:\\\/\\\/therapeut-naturheilpraxis.de\\\/#primaryimage\",\"url\":\"https:\\\/\\\/therapeut-naturheilpraxis.de\\\/wp-content\\\/uploads\\\/2023\\\/06\\\/L1160197-800x1200-1-683x1024.jpg\",\"contentUrl\":\"https:\\\/\\\/therapeut-naturheilpraxis.de\\\/wp-content\\\/uploads\\\/2023\\\/06\\\/L1160197-800x1200-1-683x1024.jpg\"},{\"@type\":\"BreadcrumbList\",\"@id\":\"https:\\\/\\\/therapeut-naturheilpraxis.de\\\/#breadcrumb\",\"itemListElement\":[{\"@type\":\"ListItem\",\"position\":1,\"name\":\"Startseite\",\"item\":\"https:\\\/\\\/therapeut-naturheilpraxis.de\\\/\"},{\"@type\":\"ListItem\",\"position\":2,\"name\":\"Home\"}]},{\"@type\":\"WebSite\",\"@id\":\"https:\\\/\\\/therapeut-naturheilpraxis.de\\\/#website\",\"url\":\"https:\\\/\\\/therapeut-naturheilpraxis.de\\\/\",\"name\":\"Molekulare Naturtherapie-Praxis\",\"description\":\"\",\"publisher\":{\"@id\":\"https:\\\/\\\/therapeut-naturheilpraxis.de\\\/#organization\"},\"potentialAction\":[{\"@type\":\"SearchAction\",\"target\":{\"@type\":\"EntryPoint\",\"urlTemplate\":\"https:\\\/\\\/therapeut-naturheilpraxis.de\\\/?s={search_term_string}\"},\"query-input\":{\"@type\":\"PropertyValueSpecification\",\"valueRequired\":true,\"valueName\":\"search_term_string\"}}],\"inLanguage\":\"en-GB\"},{\"@type\":\"Organization\",\"@id\":\"https:\\\/\\\/therapeut-naturheilpraxis.de\\\/#organization\",\"name\":\"Molekulare Naturtherapie-Praxis\",\"url\":\"https:\\\/\\\/therapeut-naturheilpraxis.de\\\/\",\"logo\":{\"@type\":\"ImageObject\",\"inLanguage\":\"en-GB\",\"@id\":\"https:\\\/\\\/therapeut-naturheilpraxis.de\\\/#\\\/schema\\\/logo\\\/image\\\/\",\"url\":\"https:\\\/\\\/therapeut-naturheilpraxis.de\\\/wp-content\\\/uploads\\\/2023\\\/05\\\/logo-therapeuth-praxis-3.png\",\"contentUrl\":\"https:\\\/\\\/therapeut-naturheilpraxis.de\\\/wp-content\\\/uploads\\\/2023\\\/05\\\/logo-therapeuth-praxis-3.png\",\"width\":300,\"height\":264,\"caption\":\"Molekulare Naturtherapie-Praxis\"},\"image\":{\"@id\":\"https:\\\/\\\/therapeut-naturheilpraxis.de\\\/#\\\/schema\\\/logo\\\/image\\\/\"}}]}<\/script>\n<!-- \/ Yoast SEO plugin. -->","yoast_head_json":{"title":"Therapist in Gestalt Therapy \/ Naturopath practitioner","description":"My approach is to help people regain their physical and mental health.","robots":{"index":"index","follow":"follow","max-snippet":"max-snippet:-1","max-image-preview":"max-image-preview:large","max-video-preview":"max-video-preview:-1"},"canonical":"https:\/\/therapeut-naturheilpraxis.de\/en\/","og_locale":"en_GB","og_type":"article","og_title":"Therapeut in Gestalttherapie \/ Naturheilkunde-Berater","og_description":"Mein Ansatz besteht darin, Menschen dabei zu begleiten, ihre k\u00f6rperliche und seelische Gesundheit wiederzuerlangen.","og_url":"https:\/\/therapeut-naturheilpraxis.de\/en\/","og_site_name":"Molekulare Naturtherapie Praxis","article_modified_time":"2025-08-29T14:53:01+00:00","og_image":[{"width":800,"height":1200,"url":"https:\/\/therapeut-naturheilpraxis.de\/wp-content\/uploads\/2023\/06\/L1160197-800x1200-1.jpg","type":"image\/jpeg"}],"twitter_card":"summary_large_image","twitter_misc":{"Estimated reading time":"4 minutes"},"schema":{"@context":"https:\/\/schema.org","@graph":[{"@type":"WebPage","@id":"https:\/\/therapeut-naturheilpraxis.de\/","url":"https:\/\/therapeut-naturheilpraxis.de\/","name":"Therapist in Gestalt Therapy \/ Naturopath practitioner","isPartOf":{"@id":"https:\/\/therapeut-naturheilpraxis.de\/#website"},"primaryImageOfPage":{"@id":"https:\/\/therapeut-naturheilpraxis.de\/#primaryimage"},"image":{"@id":"https:\/\/therapeut-naturheilpraxis.de\/#primaryimage"},"thumbnailUrl":"https:\/\/therapeut-naturheilpraxis.de\/wp-content\/uploads\/2023\/06\/L1160197-800x1200-1-683x1024.jpg","datePublished":"2023-06-05T06:59:02+00:00","dateModified":"2025-08-29T14:53:01+00:00","description":"My approach is to help people regain their physical and mental health.","breadcrumb":{"@id":"https:\/\/therapeut-naturheilpraxis.de\/#breadcrumb"},"inLanguage":"en-GB","potentialAction":[{"@type":"ReadAction","target":["https:\/\/therapeut-naturheilpraxis.de\/"]}]},{"@type":"ImageObject","inLanguage":"en-GB","@id":"https:\/\/therapeut-naturheilpraxis.de\/#primaryimage","url":"https:\/\/therapeut-naturheilpraxis.de\/wp-content\/uploads\/2023\/06\/L1160197-800x1200-1-683x1024.jpg","contentUrl":"https:\/\/therapeut-naturheilpraxis.de\/wp-content\/uploads\/2023\/06\/L1160197-800x1200-1-683x1024.jpg"},{"@type":"BreadcrumbList","@id":"https:\/\/therapeut-naturheilpraxis.de\/#breadcrumb","itemListElement":[{"@type":"ListItem","position":1,"name":"Startseite","item":"https:\/\/therapeut-naturheilpraxis.de\/"},{"@type":"ListItem","position":2,"name":"Home"}]},{"@type":"WebSite","@id":"https:\/\/therapeut-naturheilpraxis.de\/#website","url":"https:\/\/therapeut-naturheilpraxis.de\/","name":"Molecular Nature Therapy Practice","description":"","publisher":{"@id":"https:\/\/therapeut-naturheilpraxis.de\/#organization"},"potentialAction":[{"@type":"SearchAction","target":{"@type":"EntryPoint","urlTemplate":"https:\/\/therapeut-naturheilpraxis.de\/?s={search_term_string}"},"query-input":{"@type":"PropertyValueSpecification","valueRequired":true,"valueName":"search_term_string"}}],"inLanguage":"en-GB"},{"@type":"Organization","@id":"https:\/\/therapeut-naturheilpraxis.de\/#organization","name":"Molecular Nature Therapy Practice","url":"https:\/\/therapeut-naturheilpraxis.de\/","logo":{"@type":"ImageObject","inLanguage":"en-GB","@id":"https:\/\/therapeut-naturheilpraxis.de\/#\/schema\/logo\/image\/","url":"https:\/\/therapeut-naturheilpraxis.de\/wp-content\/uploads\/2023\/05\/logo-therapeuth-praxis-3.png","contentUrl":"https:\/\/therapeut-naturheilpraxis.de\/wp-content\/uploads\/2023\/05\/logo-therapeuth-praxis-3.png","width":300,"height":264,"caption":"Molekulare Naturtherapie-Praxis"},"image":{"@id":"https:\/\/therapeut-naturheilpraxis.de\/#\/schema\/logo\/image\/"}}]}},"_links":{"self":[{"href":"https:\/\/therapeut-naturheilpraxis.de\/en\/wp-json\/wp\/v2\/pages\/211","targetHints":{"allow":["GET"]}}],"collection":[{"href":"https:\/\/therapeut-naturheilpraxis.de\/en\/wp-json\/wp\/v2\/pages"}],"about":[{"href":"https:\/\/therapeut-naturheilpraxis.de\/en\/wp-json\/wp\/v2\/types\/page"}],"author":[{"embeddable":true,"href":"https:\/\/therapeut-naturheilpraxis.de\/en\/wp-json\/wp\/v2\/users\/1"}],"replies":[{"embeddable":true,"href":"https:\/\/therapeut-naturheilpraxis.de\/en\/wp-json\/wp\/v2\/comments?post=211"}],"version-history":[{"count":298,"href":"https:\/\/therapeut-naturheilpraxis.de\/en\/wp-json\/wp\/v2\/pages\/211\/revisions"}],"predecessor-version":[{"id":1883,"href":"https:\/\/therapeut-naturheilpraxis.de\/en\/wp-json\/wp\/v2\/pages\/211\/revisions\/1883"}],"wp:attachment":[{"href":"https:\/\/therapeut-naturheilpraxis.de\/en\/wp-json\/wp\/v2\/media?parent=211"}],"curies":[{"name":"wp","href":"https:\/\/api.w.org\/{rel}","templated":true}]}}